{"id":13252,"date":"2025-02-13T13:16:13","date_gmt":"2025-02-13T12:16:13","guid":{"rendered":"https:\/\/www.pretaportercasas.com\/jobs\/peon-de-fabrica\/"},"modified":"2026-03-31T10:20:56","modified_gmt":"2026-03-31T08:20:56","slug":"peon-de-fabrica","status":"publish","type":"awsm_job_openings","link":"https:\/\/www.pretaportercasas.com\/ca\/jobs\/peo-de-fabrica-torn-tarda\/","title":{"rendered":"Pe\u00f3 de f\u00e0brica &#8211; Torn de tarda"},"content":{"rendered":"[vc_row type=&#8221;full_width_background&#8221; full_screen_row_position=&#8221;middle&#8221; column_margin=&#8221;default&#8221; equal_height=&#8221;yes&#8221; content_placement=&#8221;middle&#8221; column_direction=&#8221;default&#8221; column_direction_tablet=&#8221;default&#8221; column_direction_phone=&#8221;default&#8221; bg_color=&#8221;#1d1d1d&#8221; scene_position=&#8221;center&#8221; text_color=&#8221;dark&#8221; text_align=&#8221;left&#8221; row_border_radius=&#8221;none&#8221; row_border_radius_applies=&#8221;bg&#8221; zindex=&#8221;100&#8243; sticky_row=&#8221;true&#8221; sticky_row_alignment=&#8221;top&#8221; overflow=&#8221;visible&#8221; class=&#8221;header-landing b2b jobs&#8221; overlay_strength=&#8221;0.3&#8243; gradient_direction=&#8221;left_to_right&#8221; shape_divider_position=&#8221;bottom&#8221; bg_image_animation=&#8221;none&#8221; gradient_type=&#8221;default&#8221; shape_type=&#8221;&#8221;][vc_column column_padding=&#8221;no-extra-padding&#8221; column_padding_tablet=&#8221;inherit&#8221; column_padding_phone=&#8221;inherit&#8221; column_padding_position=&#8221;all&#8221; column_element_direction_desktop=&#8221;default&#8221; column_element_spacing=&#8221;default&#8221; desktop_text_alignment=&#8221;default&#8221; tablet_text_alignment=&#8221;default&#8221; phone_text_alignment=&#8221;default&#8221; background_color_opacity=&#8221;1&#8243; background_hover_color_opacity=&#8221;1&#8243; column_backdrop_filter=&#8221;none&#8221; column_shadow=&#8221;none&#8221; column_border_radius=&#8221;none&#8221; column_link_target=&#8221;_self&#8221; column_position=&#8221;default&#8221; el_class=&#8221;landing-logo&#8221; gradient_direction=&#8221;left_to_right&#8221; overlay_strength=&#8221;0.3&#8243; width=&#8221;1\/4&#8243; tablet_width_inherit=&#8221;default&#8221; animation_type=&#8221;default&#8221; bg_image_animation=&#8221;none&#8221; border_type=&#8221;simple&#8221; column_border_width=&#8221;none&#8221; column_border_style=&#8221;solid&#8221; column_padding_type=&#8221;default&#8221; gradient_type=&#8221;default&#8221;][image_with_animation image_url=&#8221;7052&#8243; image_size=&#8221;full&#8221; animation_type=&#8221;entrance&#8221; animation=&#8221;None&#8221; animation_movement_type=&#8221;transform_y&#8221; hover_animation=&#8221;none&#8221; alignment=&#8221;&#8221; border_radius=&#8221;none&#8221; box_shadow=&#8221;none&#8221; image_loading=&#8221;default&#8221; max_width=&#8221;100%&#8221; max_width_mobile=&#8221;default&#8221; el_class=&#8221;heading-logo&#8221; img_link=&#8221;https:\/\/www.pretaportercasas.com\/ca\/&#8221;][\/vc_column][vc_column column_element_direction_desktop=&#8221;default&#8221; column_element_spacing=&#8221;default&#8221; desktop_text_alignment=&#8221;default&#8221; tablet_text_alignment=&#8221;default&#8221; phone_text_alignment=&#8221;default&#8221; background_color_opacity=&#8221;1&#8243; background_hover_color_opacity=&#8221;1&#8243; column_backdrop_filter=&#8221;none&#8221; column_shadow=&#8221;none&#8221; column_border_radius=&#8221;none&#8221; column_link_target=&#8221;_self&#8221; column_position=&#8221;default&#8221; gradient_direction=&#8221;left_to_right&#8221; overlay_strength=&#8221;0.3&#8243; width=&#8221;1\/2&#8243; tablet_width_inherit=&#8221;default&#8221; animation_type=&#8221;default&#8221; bg_image_animation=&#8221;none&#8221; border_type=&#8221;simple&#8221; column_border_width=&#8221;none&#8221; column_border_style=&#8221;solid&#8221; column_padding_type=&#8221;advanced&#8221; gradient_type=&#8221;default&#8221; offset=&#8221;vc_hidden-sm vc_hidden-xs&#8221;][vc_column_text el_class=&#8221;ff-clash-display fs-25 lh-30 white&#8221;]\n<p style=\"text-align: center;\">Destru\u00efm mites. Constru\u00efm cases.<\/p>\n[\/vc_column_text][\/vc_column][vc_column column_element_direction_desktop=&#8221;default&#8221; column_element_spacing=&#8221;default&#8221; desktop_text_alignment=&#8221;right&#8221; tablet_text_alignment=&#8221;default&#8221; phone_text_alignment=&#8221;default&#8221; background_color_opacity=&#8221;1&#8243; background_hover_color_opacity=&#8221;1&#8243; column_backdrop_filter=&#8221;none&#8221; column_shadow=&#8221;none&#8221; column_border_radius=&#8221;none&#8221; column_link_target=&#8221;_self&#8221; column_position=&#8221;default&#8221; el_class=&#8221;landing-buttons&#8221; gradient_direction=&#8221;left_to_right&#8221; overlay_strength=&#8221;0.3&#8243; width=&#8221;1\/4&#8243; tablet_width_inherit=&#8221;default&#8221; animation_type=&#8221;default&#8221; bg_image_animation=&#8221;none&#8221; border_type=&#8221;simple&#8221; column_border_width=&#8221;none&#8221; column_border_style=&#8221;solid&#8221; column_padding_type=&#8221;advanced&#8221; gradient_type=&#8221;default&#8221;][vc_raw_html el_class=&#8221;lang-selector&#8221;]JTVCb25kZXVldl9nZXRfbWVudV9sYW5nJTVE[\/vc_raw_html][nectar_icon icon_family=&#8221;fontawesome&#8221; icon_style=&#8221;default&#8221; icon_color_type=&#8221;color_scheme&#8221; icon_color=&#8221;white&#8221; open_new_tab=&#8221;true&#8221; icon_padding=&#8221;20px&#8221; pointer_events=&#8221;all&#8221; top_position_desktop=&#8221;-3&#8243; icon_fontawesome=&#8221;fa fa-linkedin&#8221; icon_size=&#8221;20&#8243; url=&#8221;https:\/\/es.linkedin.com\/company\/pr%C3%AAt-%C3%A0-porter-cases&#8221;][nectar_icon icon_family=&#8221;fontawesome&#8221; icon_style=&#8221;default&#8221; icon_color_type=&#8221;color_scheme&#8221; icon_color=&#8221;white&#8221; open_new_tab=&#8221;true&#8221; icon_padding=&#8221;20px&#8221; pointer_events=&#8221;all&#8221; top_position_desktop=&#8221;-3&#8243; icon_fontawesome=&#8221;fa fa-instagram&#8221; icon_size=&#8221;20&#8243; url=&#8221;https:\/\/www.instagram.com\/pmppretaportercases\/&#8221; margin_left=&#8221;-10&#8243;][nectar_icon icon_family=&#8221;fontawesome&#8221; icon_style=&#8221;default&#8221; icon_color_type=&#8221;color_scheme&#8221; icon_color=&#8221;white&#8221; icon_padding=&#8221;20px&#8221; pointer_events=&#8221;all&#8221; top_position_desktop=&#8221;-3&#8243; icon_fontawesome=&#8221;fa fa-chevron-left&#8221; icon_size=&#8221;20&#8243; url=&#8221;https:\/\/www.pretaportercasas.com\/ca\/job-openings\/&#8221; margin_left=&#8221;-10&#8243;][\/vc_column][\/vc_row][vc_row type=&#8221;in_container&#8221; full_screen_row_position=&#8221;middle&#8221; column_margin=&#8221;default&#8221; column_direction=&#8221;default&#8221; column_direction_tablet=&#8221;default&#8221; column_direction_phone=&#8221;default&#8221; scene_position=&#8221;center&#8221; text_color=&#8221;dark&#8221; text_align=&#8221;left&#8221; row_border_radius=&#8221;none&#8221; row_border_radius_applies=&#8221;bg&#8221; overflow=&#8221;visible&#8221; overlay_strength=&#8221;0.3&#8243; gradient_direction=&#8221;left_to_right&#8221; shape_divider_position=&#8221;bottom&#8221; bg_image_animation=&#8221;none&#8221;][vc_column column_padding=&#8221;no-extra-padding&#8221; column_padding_tablet=&#8221;inherit&#8221; column_padding_phone=&#8221;inherit&#8221; column_padding_position=&#8221;all&#8221; column_element_direction_desktop=&#8221;default&#8221; column_element_spacing=&#8221;default&#8221; desktop_text_alignment=&#8221;default&#8221; tablet_text_alignment=&#8221;default&#8221; phone_text_alignment=&#8221;default&#8221; background_color_opacity=&#8221;1&#8243; background_hover_color_opacity=&#8221;1&#8243; column_backdrop_filter=&#8221;none&#8221; column_shadow=&#8221;none&#8221; column_border_radius=&#8221;none&#8221; column_link_target=&#8221;_self&#8221; column_position=&#8221;default&#8221; gradient_direction=&#8221;left_to_right&#8221; overlay_strength=&#8221;0.3&#8243; width=&#8221;1\/1&#8243; tablet_width_inherit=&#8221;default&#8221; animation_type=&#8221;default&#8221; bg_image_animation=&#8221;none&#8221; border_type=&#8221;simple&#8221; column_border_width=&#8221;none&#8221; column_border_style=&#8221;solid&#8221;][vc_column_text]<strong>BUSQUEM PE\u00d3 DE F\u00c0BRICA<br \/>\n<\/strong><strong>QUE VULGUI FER HIST\u00d2RIA.<\/strong><\/p>\n<p class=\"font-claude-response-body break-words whitespace-normal leading-[1.7]\">A Grup PMP tenim una visi\u00f3 transformadora del sector de la construcci\u00f3. Dissenyem sistemes que milloren la manera de construir i constru\u00efm per millorar la manera d&#8217;habitar. I aix\u00f2 nom\u00e9s \u00e9s possible amb gent creativa, amb talent i amb ganes de fer les coses diferent.<\/p>\n<p class=\"font-claude-response-body break-words whitespace-normal leading-[1.7]\">Necessitem un\/a pe\u00f3\/a de f\u00e0brica. S&#8217;encarregar\u00e0 de participar en la fabricaci\u00f3 dels elements que componen els nostres habitatges: ebenisteria, paleta, envans en sec i instal\u00b7lacions. Busquem una persona amb experi\u00e8ncia, a qui li agradi el treball en equip, resolutiva i amb ganes d&#8217;aprendre per incorporar-se a un lloc on podr\u00e0 desenvolupar-se professionalment dins d&#8217;una empresa en constant creixement.<\/p>\n<p class=\"font-claude-response-body break-words whitespace-normal leading-[1.7]\">Si se&#8217;t dona b\u00e9 muntar mobles seguint pl\u00e0nols amb rapidesa i exactitud, ets la persona que busquem.<\/p>\n<p><strong>Amb: <\/strong><\/p>\n<ul>\n<li>Experi\u00e8ncia en posici\u00f3 semblant 2 anys com a m\u00ednim.<\/li>\n<li>Gran capacitat de treball en equip.<\/li>\n<li>Persona resolutiva amb actitud proactiva.<\/li>\n<li>Persona ordenada i polida al lloc de treball.<\/li>\n<\/ul>\n<p class=\"font-claude-response-body break-words whitespace-normal leading-[1.7]\">Busquem alg\u00fa que vulgui formar part d&#8217;una revoluci\u00f3 industrialitzada que va molt m\u00e9s enll\u00e0 de maons i bastides. Una persona amb ganes de fer equip i compartir idees. Amb ull cr\u00edtic per veure el detall i la visi\u00f3 global al mateix temps. Creativa, proactiva i amb ganes de cr\u00e9ixer en un entorn on la innovaci\u00f3 \u00e9s la nostra principal eina de construcci\u00f3.<\/p>\n<p class=\"font-claude-response-body break-words whitespace-normal leading-[1.7]\">Si tens passi\u00f3 per la fabricaci\u00f3, el muntatge i el treball manual, aqu\u00ed tens casa teva.<\/p>\n<p><strong>Que et demanem? <\/strong><\/p>\n<ul>\n<li>Disponibilitat exclusiva per al torn de tarda (14h-22h, de dilluns a divendres).<\/li>\n<li>Comprom\u00eds, motivaci\u00f3 i actitud per treballar cada dia.<\/li>\n<\/ul>\n<p><strong>Es valorar\u00e0: <\/strong><\/p>\n<ul>\n<li>\u00a0Habilitat demostrada en muntatge de mobles o treballs similars.<\/li>\n<li>Bon criteri espacial i d&#8217;interpretaci\u00f3 de pl\u00e0nols.<\/li>\n<li>Rapidesa i precisi\u00f3 en l&#8217;execuci\u00f3.Persones compromeses i que busquen estabilitat laboral.<\/li>\n<\/ul>\n<p><strong>Qu\u00e8 t\u2019oferim?<\/strong><\/p>\n<ul>\n<li>Lloc de treball a jornada completa en torn de tarda.<\/li>\n<li>Formar\u00e0s part d&#8217;una empresa l\u00edder en construcci\u00f3 industrialitzada i en expansi\u00f3, amb f\u00e0brica a les Borges Blanques i oficines a Barcelona, Girona i Madrid.<\/li>\n<li>Un equip jove, apassionat i altament especialitzat, amb un bon ambient de treball, cultura col\u00b7laborativa i oportunitats reals de creixement dins de l&#8217;organitzaci\u00f3.<\/li>\n<\/ul>\n<p><strong>I encara m\u00e9s&#8230;.<\/strong><\/p>\n<p>Formar\u00e0s part d\u2019una companyia referent en construcci\u00f3 industrialitzada i en expansi\u00f3, amb seu a Lleida i oficines a Barcelona, Girona i Madrid. Amb un equip jove, apassionat i altament especialitzat. Amb bon ambient de treball, una cultura col\u00b7laborativa i propera i amb oportunitats reals de creixement dins l\u2019organitzaci\u00f3.<\/p>\n<p><strong>T\u2019hi veus?<\/strong><\/p>\n<p>Si t\u2019imagines treballant en un lloc on les preguntes s\u00f3n tan importants com les respostes i on cada projecte \u00e9s una oportunitat de cr\u00e9ixer, volem con\u00e8ixer-te.<\/p>\n<p><strong>Envia\u2019ns el teu CV i suma\u2019t al repte! <\/strong><\/p>\n<p>M\u00e9s informaci\u00f3 i <a href=\"http:\/\/pretaportercasas.com\/ca\/job-openings\" target=\"_blank\" rel=\"noopener\">altres oportunitats<\/a>[\/vc_column_text][\/vc_column][\/vc_row]\n","protected":false},"excerpt":{"rendered":"<p>[vc_row type=&#8221;full_width_background&#8221; full_screen_row_position=&#8221;middle&#8221; column_margin=&#8221;default&#8221; equal_height=&#8221;yes&#8221; content_placement=&#8221;middle&#8221; column_direction=&#8221;default&#8221; column_direction_tablet=&#8221;default&#8221; column_direction_phone=&#8221;default&#8221; bg_color=&#8221;#1d1d1d&#8221; scene_position=&#8221;center&#8221; text_color=&#8221;dark&#8221; text_align=&#8221;left&#8221; row_border_radius=&#8221;none&#8221; row_border_radius_applies=&#8221;bg&#8221; zindex=&#8221;100&#8243; sticky_row=&#8221;true&#8221; sticky_row_alignment=&#8221;top&#8221; overflow=&#8221;visible&#8221; class=&#8221;header-landing b2b jobs&#8221; overlay_strength=&#8221;0.3&#8243; gradient_direction=&#8221;left_to_right&#8221; shape_divider_position=&#8221;bottom&#8221; bg_image_animation=&#8221;none&#8221; gradient_type=&#8221;default&#8221; shape_type=&#8221;&#8221;][vc_column column_padding=&#8221;no-extra-padding&#8221; column_padding_tablet=&#8221;inherit&#8221;&#8230;<\/p>\n","protected":false},"author":2,"template":"template-no-header.php","meta":{"_acf_changed":false},"class_list":{"0":"post-13252","1":"awsm_job_openings","2":"type-awsm_job_openings","3":"status-publish","5":"job-type-jornada-completa-ca","6":"job-location-lleida-ca"},"acf":[],"yoast_head":"<!-- This site is optimized with the Yoast SEO plugin v27.3 - https:\/\/yoast.com\/product\/yoast-seo-wordpress\/ -->\n<title>Pe\u00f3 de f\u00e0brica - Torn de tarda - Pr\u00eat-\u00e0-porter casas<\/title>\n<meta name=\"robots\" content=\"index, follow, max-snippet:-1, max-image-preview:large, max-video-preview:-1\" \/>\n<link rel=\"canonical\" href=\"https:\/\/www.pretaportercasas.com\/ca\/jobs\/peo-de-fabrica-torn-tarda\/\" \/>\n<meta property=\"og:locale\" content=\"ca_ES\" \/>\n<meta property=\"og:type\" content=\"article\" \/>\n<meta property=\"og:title\" content=\"Pe\u00f3 de f\u00e0brica - Torn de tarda - Pr\u00eat-\u00e0-porter casas\" \/>\n<meta property=\"og:description\" content=\"[vc_row type=&#8221;full_width_background&#8221; full_screen_row_position=&#8221;middle&#8221; column_margin=&#8221;default&#8221; equal_height=&#8221;yes&#8221; content_placement=&#8221;middle&#8221; column_direction=&#8221;default&#8221; column_direction_tablet=&#8221;default&#8221; column_direction_phone=&#8221;default&#8221; bg_color=&#8221;#1d1d1d&#8221; scene_position=&#8221;center&#8221; text_color=&#8221;dark&#8221; text_align=&#8221;left&#8221; row_border_radius=&#8221;none&#8221; row_border_radius_applies=&#8221;bg&#8221; zindex=&#8221;100&#8243; sticky_row=&#8221;true&#8221; sticky_row_alignment=&#8221;top&#8221; overflow=&#8221;visible&#8221; class=&#8221;header-landing b2b jobs&#8221; overlay_strength=&#8221;0.3&#8243; gradient_direction=&#8221;left_to_right&#8221; shape_divider_position=&#8221;bottom&#8221; bg_image_animation=&#8221;none&#8221; gradient_type=&#8221;default&#8221; shape_type=&#8221;&#8221;][vc_column column_padding=&#8221;no-extra-padding&#8221; column_padding_tablet=&#8221;inherit&#8221;...\" \/>\n<meta property=\"og:url\" content=\"https:\/\/www.pretaportercasas.com\/ca\/jobs\/peo-de-fabrica-torn-tarda\/\" \/>\n<meta property=\"og:site_name\" content=\"Pr\u00eat-\u00e0-porter casas\" \/>\n<meta property=\"article:modified_time\" content=\"2026-03-31T08:20:56+00:00\" \/>\n<meta name=\"twitter:card\" content=\"summary_large_image\" \/>\n<meta name=\"twitter:label1\" content=\"Temps estimat de lectura\" \/>\n\t<meta name=\"twitter:data1\" content=\"4 minuts\" \/>\n<script type=\"application\/ld+json\" class=\"yoast-schema-graph\">{\"@context\":\"https:\\\/\\\/schema.org\",\"@graph\":[{\"@type\":\"WebPage\",\"@id\":\"https:\\\/\\\/www.pretaportercasas.com\\\/ca\\\/jobs\\\/peo-de-fabrica-torn-tarda\\\/\",\"url\":\"https:\\\/\\\/www.pretaportercasas.com\\\/ca\\\/jobs\\\/peo-de-fabrica-torn-tarda\\\/\",\"name\":\"Pe\u00f3 de f\u00e0brica - Torn de tarda - Pr\u00eat-\u00e0-porter casas\",\"isPartOf\":{\"@id\":\"https:\\\/\\\/www.pretaportercasas.com\\\/ca\\\/#website\"},\"datePublished\":\"2025-02-13T12:16:13+00:00\",\"dateModified\":\"2026-03-31T08:20:56+00:00\",\"breadcrumb\":{\"@id\":\"https:\\\/\\\/www.pretaportercasas.com\\\/ca\\\/jobs\\\/peo-de-fabrica-torn-tarda\\\/#breadcrumb\"},\"inLanguage\":\"ca\",\"potentialAction\":[{\"@type\":\"ReadAction\",\"target\":[\"https:\\\/\\\/www.pretaportercasas.com\\\/ca\\\/jobs\\\/peo-de-fabrica-torn-tarda\\\/\"]}]},{\"@type\":\"BreadcrumbList\",\"@id\":\"https:\\\/\\\/www.pretaportercasas.com\\\/ca\\\/jobs\\\/peo-de-fabrica-torn-tarda\\\/#breadcrumb\",\"itemListElement\":[{\"@type\":\"ListItem\",\"position\":1,\"name\":\"Portada\",\"item\":\"https:\\\/\\\/www.pretaportercasas.com\\\/ca\\\/\"},{\"@type\":\"ListItem\",\"position\":2,\"name\":\"Ofertas de empleo\",\"item\":\"https:\\\/\\\/www.pretaportercasas.com\\\/jobs\\\/\"},{\"@type\":\"ListItem\",\"position\":3,\"name\":\"Pe\u00f3 de f\u00e0brica &#8211; Torn de tarda\"}]},{\"@type\":\"WebSite\",\"@id\":\"https:\\\/\\\/www.pretaportercasas.com\\\/ca\\\/#website\",\"url\":\"https:\\\/\\\/www.pretaportercasas.com\\\/ca\\\/\",\"name\":\"Pr\u00eat-\u00e0-porter casas\",\"description\":\"\",\"potentialAction\":[{\"@type\":\"SearchAction\",\"target\":{\"@type\":\"EntryPoint\",\"urlTemplate\":\"https:\\\/\\\/www.pretaportercasas.com\\\/ca\\\/?s={search_term_string}\"},\"query-input\":{\"@type\":\"PropertyValueSpecification\",\"valueRequired\":true,\"valueName\":\"search_term_string\"}}],\"inLanguage\":\"ca\"}]}<\/script>\n<!-- \/ Yoast SEO plugin. -->","yoast_head_json":{"title":"Pe\u00f3 de f\u00e0brica - Torn de tarda - Pr\u00eat-\u00e0-porter casas","robots":{"index":"index","follow":"follow","max-snippet":"max-snippet:-1","max-image-preview":"max-image-preview:large","max-video-preview":"max-video-preview:-1"},"canonical":"https:\/\/www.pretaportercasas.com\/ca\/jobs\/peo-de-fabrica-torn-tarda\/","og_locale":"ca_ES","og_type":"article","og_title":"Pe\u00f3 de f\u00e0brica - Torn de tarda - Pr\u00eat-\u00e0-porter casas","og_description":"[vc_row type=&#8221;full_width_background&#8221; full_screen_row_position=&#8221;middle&#8221; column_margin=&#8221;default&#8221; equal_height=&#8221;yes&#8221; content_placement=&#8221;middle&#8221; column_direction=&#8221;default&#8221; column_direction_tablet=&#8221;default&#8221; column_direction_phone=&#8221;default&#8221; bg_color=&#8221;#1d1d1d&#8221; scene_position=&#8221;center&#8221; text_color=&#8221;dark&#8221; text_align=&#8221;left&#8221; row_border_radius=&#8221;none&#8221; row_border_radius_applies=&#8221;bg&#8221; zindex=&#8221;100&#8243; sticky_row=&#8221;true&#8221; sticky_row_alignment=&#8221;top&#8221; overflow=&#8221;visible&#8221; class=&#8221;header-landing b2b jobs&#8221; overlay_strength=&#8221;0.3&#8243; gradient_direction=&#8221;left_to_right&#8221; shape_divider_position=&#8221;bottom&#8221; bg_image_animation=&#8221;none&#8221; gradient_type=&#8221;default&#8221; shape_type=&#8221;&#8221;][vc_column column_padding=&#8221;no-extra-padding&#8221; column_padding_tablet=&#8221;inherit&#8221;...","og_url":"https:\/\/www.pretaportercasas.com\/ca\/jobs\/peo-de-fabrica-torn-tarda\/","og_site_name":"Pr\u00eat-\u00e0-porter casas","article_modified_time":"2026-03-31T08:20:56+00:00","twitter_card":"summary_large_image","twitter_misc":{"Temps estimat de lectura":"4 minuts"},"schema":{"@context":"https:\/\/schema.org","@graph":[{"@type":"WebPage","@id":"https:\/\/www.pretaportercasas.com\/ca\/jobs\/peo-de-fabrica-torn-tarda\/","url":"https:\/\/www.pretaportercasas.com\/ca\/jobs\/peo-de-fabrica-torn-tarda\/","name":"Pe\u00f3 de f\u00e0brica - Torn de tarda - Pr\u00eat-\u00e0-porter casas","isPartOf":{"@id":"https:\/\/www.pretaportercasas.com\/ca\/#website"},"datePublished":"2025-02-13T12:16:13+00:00","dateModified":"2026-03-31T08:20:56+00:00","breadcrumb":{"@id":"https:\/\/www.pretaportercasas.com\/ca\/jobs\/peo-de-fabrica-torn-tarda\/#breadcrumb"},"inLanguage":"ca","potentialAction":[{"@type":"ReadAction","target":["https:\/\/www.pretaportercasas.com\/ca\/jobs\/peo-de-fabrica-torn-tarda\/"]}]},{"@type":"BreadcrumbList","@id":"https:\/\/www.pretaportercasas.com\/ca\/jobs\/peo-de-fabrica-torn-tarda\/#breadcrumb","itemListElement":[{"@type":"ListItem","position":1,"name":"Portada","item":"https:\/\/www.pretaportercasas.com\/ca\/"},{"@type":"ListItem","position":2,"name":"Ofertas de empleo","item":"https:\/\/www.pretaportercasas.com\/jobs\/"},{"@type":"ListItem","position":3,"name":"Pe\u00f3 de f\u00e0brica &#8211; Torn de tarda"}]},{"@type":"WebSite","@id":"https:\/\/www.pretaportercasas.com\/ca\/#website","url":"https:\/\/www.pretaportercasas.com\/ca\/","name":"Pr\u00eat-\u00e0-porter casas","description":"","potentialAction":[{"@type":"SearchAction","target":{"@type":"EntryPoint","urlTemplate":"https:\/\/www.pretaportercasas.com\/ca\/?s={search_term_string}"},"query-input":{"@type":"PropertyValueSpecification","valueRequired":true,"valueName":"search_term_string"}}],"inLanguage":"ca"}]}},"_links":{"self":[{"href":"https:\/\/www.pretaportercasas.com\/ca\/wp-json\/wp\/v2\/awsm_job_openings\/13252","targetHints":{"allow":["GET"]}}],"collection":[{"href":"https:\/\/www.pretaportercasas.com\/ca\/wp-json\/wp\/v2\/awsm_job_openings"}],"about":[{"href":"https:\/\/www.pretaportercasas.com\/ca\/wp-json\/wp\/v2\/types\/awsm_job_openings"}],"author":[{"embeddable":true,"href":"https:\/\/www.pretaportercasas.com\/ca\/wp-json\/wp\/v2\/users\/2"}],"wp:attachment":[{"href":"https:\/\/www.pretaportercasas.com\/ca\/wp-json\/wp\/v2\/media?parent=13252"}],"curies":[{"name":"wp","href":"https:\/\/api.w.org\/{rel}","templated":true}]}}