{"id":16011,"date":"2025-05-09T10:08:15","date_gmt":"2025-05-09T08:08:15","guid":{"rendered":"https:\/\/www.pretaportercasas.com\/?post_type=awsm_job_openings&#038;p=16011"},"modified":"2026-03-16T11:02:30","modified_gmt":"2026-03-16T10:02:30","slug":"arquitecte-a-o-arquitecte-a-tecnic-a","status":"publish","type":"awsm_job_openings","link":"https:\/\/www.pretaportercasas.com\/ca\/jobs\/arquitectea-o-arquitectea-tecnica\/","title":{"rendered":"Arquitecte\/a o Arquitecte\/a t\u00e8cnic\/a &#8211; Oficina T\u00e8cnica"},"content":{"rendered":"[vc_row type=&#8221;full_width_background&#8221; full_screen_row_position=&#8221;middle&#8221; column_margin=&#8221;default&#8221; equal_height=&#8221;yes&#8221; content_placement=&#8221;middle&#8221; column_direction=&#8221;default&#8221; column_direction_tablet=&#8221;default&#8221; column_direction_phone=&#8221;default&#8221; bg_color=&#8221;#1d1d1d&#8221; scene_position=&#8221;center&#8221; text_color=&#8221;dark&#8221; text_align=&#8221;left&#8221; row_border_radius=&#8221;none&#8221; row_border_radius_applies=&#8221;bg&#8221; zindex=&#8221;100&#8243; sticky_row=&#8221;true&#8221; sticky_row_alignment=&#8221;top&#8221; overflow=&#8221;visible&#8221; class=&#8221;header-landing b2b jobs&#8221; overlay_strength=&#8221;0.3&#8243; gradient_direction=&#8221;left_to_right&#8221; shape_divider_position=&#8221;bottom&#8221; bg_image_animation=&#8221;none&#8221; gradient_type=&#8221;default&#8221; shape_type=&#8221;&#8221;][vc_column column_padding=&#8221;no-extra-padding&#8221; column_padding_tablet=&#8221;inherit&#8221; column_padding_phone=&#8221;inherit&#8221; column_padding_position=&#8221;all&#8221; column_element_direction_desktop=&#8221;default&#8221; column_element_spacing=&#8221;default&#8221; desktop_text_alignment=&#8221;default&#8221; tablet_text_alignment=&#8221;default&#8221; phone_text_alignment=&#8221;default&#8221; background_color_opacity=&#8221;1&#8243; background_hover_color_opacity=&#8221;1&#8243; column_backdrop_filter=&#8221;none&#8221; column_shadow=&#8221;none&#8221; column_border_radius=&#8221;none&#8221; column_link_target=&#8221;_self&#8221; column_position=&#8221;default&#8221; el_class=&#8221;landing-logo&#8221; gradient_direction=&#8221;left_to_right&#8221; overlay_strength=&#8221;0.3&#8243; width=&#8221;1\/4&#8243; tablet_width_inherit=&#8221;default&#8221; animation_type=&#8221;default&#8221; bg_image_animation=&#8221;none&#8221; border_type=&#8221;simple&#8221; column_border_width=&#8221;none&#8221; column_border_style=&#8221;solid&#8221; column_padding_type=&#8221;default&#8221; gradient_type=&#8221;default&#8221;][image_with_animation image_url=&#8221;7052&#8243; image_size=&#8221;full&#8221; animation_type=&#8221;entrance&#8221; animation=&#8221;None&#8221; animation_movement_type=&#8221;transform_y&#8221; hover_animation=&#8221;none&#8221; alignment=&#8221;&#8221; border_radius=&#8221;none&#8221; box_shadow=&#8221;none&#8221; image_loading=&#8221;default&#8221; max_width=&#8221;100%&#8221; max_width_mobile=&#8221;default&#8221; el_class=&#8221;heading-logo&#8221; img_link=&#8221;https:\/\/www.pretaportercasas.com\/&#8221;][\/vc_column][vc_column column_element_direction_desktop=&#8221;default&#8221; column_element_spacing=&#8221;default&#8221; desktop_text_alignment=&#8221;default&#8221; tablet_text_alignment=&#8221;default&#8221; phone_text_alignment=&#8221;default&#8221; background_color_opacity=&#8221;1&#8243; background_hover_color_opacity=&#8221;1&#8243; column_backdrop_filter=&#8221;none&#8221; column_shadow=&#8221;none&#8221; column_border_radius=&#8221;none&#8221; column_link_target=&#8221;_self&#8221; column_position=&#8221;default&#8221; gradient_direction=&#8221;left_to_right&#8221; overlay_strength=&#8221;0.3&#8243; width=&#8221;1\/2&#8243; tablet_width_inherit=&#8221;default&#8221; animation_type=&#8221;default&#8221; bg_image_animation=&#8221;none&#8221; border_type=&#8221;simple&#8221; column_border_width=&#8221;none&#8221; column_border_style=&#8221;solid&#8221; column_padding_type=&#8221;advanced&#8221; gradient_type=&#8221;default&#8221; offset=&#8221;vc_hidden-sm vc_hidden-xs&#8221;][vc_column_text el_class=&#8221;ff-clash-display fs-25 lh-30 white&#8221;]\n<p style=\"text-align: center;\">Destru\u00efm mites. Constru\u00efm cases.<\/p>\n[\/vc_column_text][\/vc_column][vc_column column_element_direction_desktop=&#8221;default&#8221; column_element_spacing=&#8221;default&#8221; desktop_text_alignment=&#8221;right&#8221; tablet_text_alignment=&#8221;default&#8221; phone_text_alignment=&#8221;default&#8221; background_color_opacity=&#8221;1&#8243; background_hover_color_opacity=&#8221;1&#8243; column_backdrop_filter=&#8221;none&#8221; column_shadow=&#8221;none&#8221; column_border_radius=&#8221;none&#8221; column_link_target=&#8221;_self&#8221; column_position=&#8221;default&#8221; el_class=&#8221;landing-buttons&#8221; gradient_direction=&#8221;left_to_right&#8221; overlay_strength=&#8221;0.3&#8243; width=&#8221;1\/4&#8243; tablet_width_inherit=&#8221;default&#8221; animation_type=&#8221;default&#8221; bg_image_animation=&#8221;none&#8221; border_type=&#8221;simple&#8221; column_border_width=&#8221;none&#8221; column_border_style=&#8221;solid&#8221; column_padding_type=&#8221;advanced&#8221; gradient_type=&#8221;default&#8221;][vc_raw_html el_class=&#8221;lang-selector&#8221;]JTVCb25kZXVldl9nZXRfbWVudV9sYW5nJTVE[\/vc_raw_html][nectar_icon icon_family=&#8221;fontawesome&#8221; icon_style=&#8221;default&#8221; icon_color_type=&#8221;color_scheme&#8221; icon_color=&#8221;white&#8221; open_new_tab=&#8221;true&#8221; icon_padding=&#8221;20px&#8221; pointer_events=&#8221;all&#8221; top_position_desktop=&#8221;-3&#8243; icon_fontawesome=&#8221;fa fa-linkedin&#8221; icon_size=&#8221;20&#8243; url=&#8221;https:\/\/es.linkedin.com\/company\/pr%C3%AAt-%C3%A0-porter-cases&#8221;][nectar_icon icon_family=&#8221;fontawesome&#8221; icon_style=&#8221;default&#8221; icon_color_type=&#8221;color_scheme&#8221; icon_color=&#8221;white&#8221; open_new_tab=&#8221;true&#8221; icon_padding=&#8221;20px&#8221; pointer_events=&#8221;all&#8221; top_position_desktop=&#8221;-3&#8243; icon_fontawesome=&#8221;fa fa-instagram&#8221; icon_size=&#8221;20&#8243; url=&#8221;https:\/\/www.instagram.com\/pmppretaportercases\/&#8221; margin_left=&#8221;-10&#8243;][nectar_icon icon_family=&#8221;fontawesome&#8221; icon_style=&#8221;default&#8221; icon_color_type=&#8221;color_scheme&#8221; icon_color=&#8221;white&#8221; icon_padding=&#8221;20px&#8221; pointer_events=&#8221;all&#8221; top_position_desktop=&#8221;-3&#8243; icon_fontawesome=&#8221;fa fa-chevron-left&#8221; icon_size=&#8221;20&#8243; url=&#8221;https:\/\/www.pretaportercasas.com\/ca\/job-openings\/&#8221; margin_left=&#8221;-10&#8243;][\/vc_column][\/vc_row][vc_row type=&#8221;in_container&#8221; full_screen_row_position=&#8221;middle&#8221; column_margin=&#8221;default&#8221; column_direction=&#8221;default&#8221; column_direction_tablet=&#8221;default&#8221; column_direction_phone=&#8221;default&#8221; scene_position=&#8221;center&#8221; text_color=&#8221;dark&#8221; text_align=&#8221;left&#8221; row_border_radius=&#8221;none&#8221; row_border_radius_applies=&#8221;bg&#8221; overflow=&#8221;visible&#8221; overlay_strength=&#8221;0.3&#8243; gradient_direction=&#8221;left_to_right&#8221; shape_divider_position=&#8221;bottom&#8221; bg_image_animation=&#8221;none&#8221;][vc_column column_padding=&#8221;no-extra-padding&#8221; column_padding_tablet=&#8221;inherit&#8221; column_padding_phone=&#8221;inherit&#8221; column_padding_position=&#8221;all&#8221; column_element_direction_desktop=&#8221;default&#8221; column_element_spacing=&#8221;default&#8221; desktop_text_alignment=&#8221;default&#8221; tablet_text_alignment=&#8221;default&#8221; phone_text_alignment=&#8221;default&#8221; background_color_opacity=&#8221;1&#8243; background_hover_color_opacity=&#8221;1&#8243; column_backdrop_filter=&#8221;none&#8221; column_shadow=&#8221;none&#8221; column_border_radius=&#8221;none&#8221; column_link_target=&#8221;_self&#8221; column_position=&#8221;default&#8221; gradient_direction=&#8221;left_to_right&#8221; overlay_strength=&#8221;0.3&#8243; width=&#8221;1\/1&#8243; tablet_width_inherit=&#8221;default&#8221; animation_type=&#8221;default&#8221; bg_image_animation=&#8221;none&#8221; border_type=&#8221;simple&#8221; column_border_width=&#8221;none&#8221; column_border_style=&#8221;solid&#8221;][vc_column_text]\n<p class=\"font-claude-response-body break-words whitespace-normal leading-[1.7]\"><span style=\"color: #000000;\"><strong>BUSQUEM ARQUITECTE\/A O ARQUITECTE\/A T\u00c8CNIC\/A QUE VULGUI FER HIST\u00d2RIA.<\/strong><\/span><\/p>\n<p class=\"font-claude-response-body break-words whitespace-normal leading-[1.7]\"><span style=\"color: #000000;\">Al Grup PMP tenim una visi\u00f3 transformadora del sector de la construcci\u00f3. Dissenyem sistemes que milloren la forma de construir i constru\u00efm per millorar la forma d&#8217;habitar. I aix\u00f2 nom\u00e9s \u00e9s possible amb persones creatives, amb talent i amb ganes de fer les coses de manera diferent.<\/span><\/p>\n<p class=\"font-claude-response-body break-words whitespace-normal leading-[1.7]\"><span style=\"color: #000000;\">Necessitem <strong>un\/a arquitecte\/a o arquitecte\/a t\u00e8cnic\/a<\/strong> per al Departament d&#8217;Oficina T\u00e8cnica. Amb inter\u00e8s per l&#8217;an\u00e0lisi i el desenvolupament de projectes, una persona responsable i amb ganes d&#8217;aprendre, que vulgui desenvolupar-se professionalment dins d&#8217;una empresa en constant creixement.<\/span><\/p>\n<p class=\"font-claude-response-body break-words whitespace-normal leading-[1.7]\"><span style=\"color: #000000;\"><strong>Amb:<\/strong><\/span><\/p>\n<ul class=\"[li_&amp;]:mb-0 [li_&amp;]:mt-1 [li_&amp;]:gap-1 [&amp;:not(:last-child)_ul]:pb-1 [&amp;:not(:last-child)_ol]:pb-1 list-disc flex flex-col gap-1 pl-8 mb-3\">\n<li class=\"whitespace-normal break-words pl-2\"><span style=\"color: #000000;\">Formaci\u00f3 en Grau en Arquitectura i M\u00e0ster Habilitant o Arquitectura T\u00e8cnica.<\/span><\/li>\n<li class=\"whitespace-normal break-words pl-2\"><span style=\"color: #000000;\">Experi\u00e8ncia pr\u00e8via de 2 a 3 anys en una posici\u00f3 similar, valorable.<\/span><\/li>\n<li class=\"whitespace-normal break-words pl-2\"><span style=\"color: #000000;\">Perfil anal\u00edtic, met\u00f2dic i amb visi\u00f3 estrat\u00e8gica.<\/span><\/li>\n<li class=\"whitespace-normal break-words pl-2\"><span style=\"color: #000000;\">Capacitat de comunicaci\u00f3 i treball col\u00b7laboratiu.<\/span><\/li>\n<li class=\"whitespace-normal break-words pl-2\"><span style=\"color: #000000;\">Domini d&#8217;eines BIM i dibuix 3D.<\/span><\/li>\n<li class=\"whitespace-normal break-words pl-2\"><span style=\"color: #000000;\">Alta capacitat d&#8217;aprenentatge en nous programes inform\u00e0tics.<\/span><\/li>\n<li class=\"whitespace-normal break-words pl-2\"><span style=\"color: #000000;\">Coneixements d&#8217;Allplan, AutoCAD, Archicad i Revit.<\/span><\/li>\n<li class=\"whitespace-normal break-words pl-2\"><span style=\"color: #000000;\">Coneixements de normativa t\u00e8cnica i urban\u00edstica.<\/span><\/li>\n<li class=\"whitespace-normal break-words pl-2\"><span style=\"color: #000000;\">Idiomes: catal\u00e0 i castell\u00e0 imprescindibles, angl\u00e8s valorable.<\/span><\/li>\n<li class=\"whitespace-normal break-words pl-2\"><span style=\"color: #000000;\">Carnet de conduir B i disponibilitat per a despla\u00e7aments puntuals a obra.<\/span><\/li>\n<\/ul>\n<p><span style=\"color: #000000;\">No busquem un\/a simple arquitecte\/a, busquem alg\u00fa que vulgui formar part d&#8217;una revoluci\u00f3 industrialitzada que va molt m\u00e9s enll\u00e0 de maons i bastides: Una persona amb ganes de fer equip i compartir idees. Amb ull cr\u00edtic per veure el detall i la big picture al mateix temps. Creativa, proactiva i amb ganes de cr\u00e9ixer en un entorn on la innovaci\u00f3 \u00e9s la nostra principal eina de construcci\u00f3.<\/span><\/p>\n<p><span style=\"color: #000000;\">Si tens passi\u00f3 per analitzar, dissenyar i desenvolupar projectes que canvien la manera d&#8217;entendre la construcci\u00f3, aqu\u00ed tens casa teva.<\/span><\/p>\n<p class=\"font-claude-response-body break-words whitespace-normal leading-[1.7]\"><span style=\"color: #000000;\"><strong>Qu\u00e8 et demanem?<\/strong><\/span><\/p>\n<ul class=\"[li_&amp;]:mb-0 [li_&amp;]:mt-1 [li_&amp;]:gap-1 [&amp;:not(:last-child)_ul]:pb-1 [&amp;:not(:last-child)_ol]:pb-1 list-disc flex flex-col gap-1 pl-8 mb-3\">\n<li class=\"whitespace-normal break-words pl-2\"><span style=\"color: #000000;\">Analitzar en detall els projectes i estudiar-ne la viabilitat econ\u00f2mica, aix\u00ed com la millor manera d&#8217;industrialitzar-los mitjan\u00e7ant el nostre sistema constructiu propi.<\/span><\/li>\n<li class=\"whitespace-normal break-words pl-2\"><span style=\"color: #000000;\">Dissenyar i desenvolupar propostes arquitect\u00f2niques des de l&#8217;avantprojecte fins al projecte executiu.<\/span><\/li>\n<li class=\"whitespace-normal break-words pl-2\"><span style=\"color: #000000;\">Treballar directament amb el client, tant particular com professional, en la definici\u00f3 i adaptaci\u00f3 de cada projecte.<\/span><\/li>\n<li class=\"whitespace-normal break-words pl-2\"><span style=\"color: #000000;\">Col\u00b7laborar amb l&#8217;equip en tasques pr\u00f2pies del lloc com l&#8217;aportaci\u00f3 d&#8217;idees, l&#8217;elaboraci\u00f3 de pressupostos amb suport BIM i el disseny d&#8217;avantprojectes.<\/span><\/li>\n<\/ul>\n<p class=\"font-claude-response-body break-words whitespace-normal leading-[1.7]\"><span style=\"color: #000000;\"><strong>Es valorar\u00e0:<\/strong><\/span><\/p>\n<ul class=\"[li_&amp;]:mb-0 [li_&amp;]:mt-1 [li_&amp;]:gap-1 [&amp;:not(:last-child)_ul]:pb-1 [&amp;:not(:last-child)_ol]:pb-1 list-disc flex flex-col gap-1 pl-8 mb-3\">\n<li class=\"whitespace-normal break-words pl-2\"><span style=\"color: #000000;\">Experi\u00e8ncia en projectes d&#8217;edificaci\u00f3 plurifamiliar i equipaments.<\/span><\/li>\n<li class=\"whitespace-normal break-words pl-2\"><span style=\"color: #000000;\">Experi\u00e8ncia pr\u00e8via en el sector de la construcci\u00f3.<\/span><\/li>\n<li class=\"whitespace-normal break-words pl-2\"><span style=\"color: #000000;\">Presentaci\u00f3 de portfolio.<\/span><\/li>\n<li class=\"whitespace-normal break-words pl-2\"><span style=\"color: #000000;\">Formaci\u00f3 complement\u00e0ria en programes relacionats amb arquitectura.<\/span><\/li>\n<li class=\"whitespace-normal break-words pl-2\"><span style=\"color: #000000;\">Cartes de recomanaci\u00f3.<\/span><\/li>\n<\/ul>\n<p class=\"font-claude-response-body break-words whitespace-normal leading-[1.7]\"><span style=\"color: #000000;\"><strong>Qu\u00e8 t&#8217;oferim?<\/strong><\/span><\/p>\n<ul class=\"[li_&amp;]:mb-0 [li_&amp;]:mt-1 [li_&amp;]:gap-1 [&amp;:not(:last-child)_ul]:pb-1 [&amp;:not(:last-child)_ol]:pb-1 list-disc flex flex-col gap-1 pl-8 mb-3\">\n<li class=\"whitespace-normal break-words pl-2\"><span style=\"color: #000000;\">Incorporaci\u00f3 a una empresa l\u00edder en el sector de la construcci\u00f3, amb seu a Lleida i oficines a Barcelona, Girona i Madrid.<\/span><\/li>\n<li class=\"whitespace-normal break-words pl-2\"><span style=\"color: #000000;\">Lloc de treball presencial a Barcelona, a jornada completa.<\/span><\/li>\n<li class=\"whitespace-normal break-words pl-2\"><span style=\"color: #000000;\">Contracte indefinit i pla de desenvolupament professional.<\/span><\/li>\n<li class=\"whitespace-normal break-words pl-2\"><span style=\"color: #000000;\">Acc\u00e9s a formaci\u00f3 cont\u00ednua, recursos interns i oportunitats reals de creixement.<\/span><\/li>\n<li class=\"whitespace-normal break-words pl-2\"><span style=\"color: #000000;\">Retribuci\u00f3 competitiva, d&#8217;acord amb l&#8217;experi\u00e8ncia i les responsabilitats.<\/span><\/li>\n<li class=\"whitespace-normal break-words pl-2\"><span style=\"color: #000000;\">Horari a jornada completa amb possibilitats de flexibilitat segons projecte.<\/span><\/li>\n<li class=\"whitespace-normal break-words pl-2\"><span style=\"color: #000000;\">Participaci\u00f3 en projectes amb impacte real en el canvi de paradigma del sector.<\/span><\/li>\n<\/ul>\n<p><span style=\"color: #000000;\"><strong>I encara m\u00e9s&#8230;.<\/strong>\u00a0<\/span><\/p>\n<p><span style=\"color: #000000;\">Formar\u00e0s part d\u2019una companyia referent en construcci\u00f3 industrialitzada i en expansi\u00f3, amb seu a Lleida i oficines a Barcelona, Girona i Madrid. Amb un equip jove, apassionat i altament especialitzat. Amb bon ambient de treball, una cultura col\u00b7laborativa i propera i amb oportunitats reals de creixement dins l\u2019organitzaci\u00f3.\u00a0<\/span><\/p>\n<p><span style=\"color: #000000;\"><strong>T\u2019hi veus?<\/strong>\u00a0\u00a0<\/span><\/p>\n<p><span style=\"color: #000000;\">Si t\u2019imagines treballant en un lloc on les preguntes s\u00f3n tan importants com les respostes i on cada projecte \u00e9s una oportunitat de cr\u00e9ixer, volem con\u00e8ixer-te.\u00a0\u00a0<\/span><\/p>\n<p><span style=\"color: #000000;\"><strong>Envia\u2019ns el teu CV i suma\u2019t al repte!\u00a0<\/strong>\u00a0<\/span><\/p>\n<p><span style=\"color: #000000;\"><a style=\"color: #000000;\" href=\"http:\/\/pretaportercasas.com\/ca\/job-openings\" target=\"_blank\" rel=\"noopener\">Descobreix m\u00e9s oportunitats.<\/a><\/span>[\/vc_column_text][\/vc_column][\/vc_row]\n","protected":false},"excerpt":{"rendered":"<p>[vc_row type=&#8221;full_width_background&#8221; full_screen_row_position=&#8221;middle&#8221; column_margin=&#8221;default&#8221; equal_height=&#8221;yes&#8221; content_placement=&#8221;middle&#8221; column_direction=&#8221;default&#8221; column_direction_tablet=&#8221;default&#8221; column_direction_phone=&#8221;default&#8221; bg_color=&#8221;#1d1d1d&#8221; scene_position=&#8221;center&#8221; text_color=&#8221;dark&#8221; text_align=&#8221;left&#8221; row_border_radius=&#8221;none&#8221; row_border_radius_applies=&#8221;bg&#8221; zindex=&#8221;100&#8243; sticky_row=&#8221;true&#8221; sticky_row_alignment=&#8221;top&#8221; overflow=&#8221;visible&#8221; class=&#8221;header-landing b2b jobs&#8221; overlay_strength=&#8221;0.3&#8243; gradient_direction=&#8221;left_to_right&#8221; shape_divider_position=&#8221;bottom&#8221; bg_image_animation=&#8221;none&#8221; gradient_type=&#8221;default&#8221; shape_type=&#8221;&#8221;][vc_column column_padding=&#8221;no-extra-padding&#8221; column_padding_tablet=&#8221;inherit&#8221;&#8230;<\/p>\n","protected":false},"author":2,"template":"template-no-header.php","meta":{"_acf_changed":false},"class_list":{"0":"post-16011","1":"awsm_job_openings","2":"type-awsm_job_openings","3":"status-publish","5":"job-type-jornada-completa-ca","6":"job-location-barcelona-ca"},"acf":[],"yoast_head":"<!-- This site is optimized with the Yoast SEO plugin v27.3 - https:\/\/yoast.com\/product\/yoast-seo-wordpress\/ -->\n<title>Arquitecte\/a o Arquitecte\/a t\u00e8cnic\/a - Oficina T\u00e8cnica - Pr\u00eat-\u00e0-porter casas<\/title>\n<meta name=\"robots\" content=\"index, follow, max-snippet:-1, max-image-preview:large, max-video-preview:-1\" \/>\n<link rel=\"canonical\" href=\"https:\/\/www.pretaportercasas.com\/ca\/jobs\/arquitectea-o-arquitectea-tecnica\/\" \/>\n<meta property=\"og:locale\" content=\"ca_ES\" \/>\n<meta property=\"og:type\" content=\"article\" \/>\n<meta property=\"og:title\" content=\"Arquitecte\/a o Arquitecte\/a t\u00e8cnic\/a - Oficina T\u00e8cnica - Pr\u00eat-\u00e0-porter casas\" \/>\n<meta property=\"og:description\" content=\"[vc_row type=&#8221;full_width_background&#8221; full_screen_row_position=&#8221;middle&#8221; column_margin=&#8221;default&#8221; equal_height=&#8221;yes&#8221; content_placement=&#8221;middle&#8221; column_direction=&#8221;default&#8221; column_direction_tablet=&#8221;default&#8221; column_direction_phone=&#8221;default&#8221; bg_color=&#8221;#1d1d1d&#8221; scene_position=&#8221;center&#8221; text_color=&#8221;dark&#8221; text_align=&#8221;left&#8221; row_border_radius=&#8221;none&#8221; row_border_radius_applies=&#8221;bg&#8221; zindex=&#8221;100&#8243; sticky_row=&#8221;true&#8221; sticky_row_alignment=&#8221;top&#8221; overflow=&#8221;visible&#8221; class=&#8221;header-landing b2b jobs&#8221; overlay_strength=&#8221;0.3&#8243; gradient_direction=&#8221;left_to_right&#8221; shape_divider_position=&#8221;bottom&#8221; bg_image_animation=&#8221;none&#8221; gradient_type=&#8221;default&#8221; shape_type=&#8221;&#8221;][vc_column column_padding=&#8221;no-extra-padding&#8221; column_padding_tablet=&#8221;inherit&#8221;...\" \/>\n<meta property=\"og:url\" content=\"https:\/\/www.pretaportercasas.com\/ca\/jobs\/arquitectea-o-arquitectea-tecnica\/\" \/>\n<meta property=\"og:site_name\" content=\"Pr\u00eat-\u00e0-porter casas\" \/>\n<meta property=\"article:modified_time\" content=\"2026-03-16T10:02:30+00:00\" \/>\n<meta name=\"twitter:card\" content=\"summary_large_image\" \/>\n<meta name=\"twitter:label1\" content=\"Temps estimat de lectura\" \/>\n\t<meta name=\"twitter:data1\" content=\"4 minuts\" \/>\n<script type=\"application\/ld+json\" class=\"yoast-schema-graph\">{\"@context\":\"https:\\\/\\\/schema.org\",\"@graph\":[{\"@type\":\"WebPage\",\"@id\":\"https:\\\/\\\/www.pretaportercasas.com\\\/ca\\\/jobs\\\/arquitectea-o-arquitectea-tecnica\\\/\",\"url\":\"https:\\\/\\\/www.pretaportercasas.com\\\/ca\\\/jobs\\\/arquitectea-o-arquitectea-tecnica\\\/\",\"name\":\"Arquitecte\\\/a o Arquitecte\\\/a t\u00e8cnic\\\/a - Oficina T\u00e8cnica - Pr\u00eat-\u00e0-porter casas\",\"isPartOf\":{\"@id\":\"https:\\\/\\\/www.pretaportercasas.com\\\/ca\\\/#website\"},\"datePublished\":\"2025-05-09T08:08:15+00:00\",\"dateModified\":\"2026-03-16T10:02:30+00:00\",\"breadcrumb\":{\"@id\":\"https:\\\/\\\/www.pretaportercasas.com\\\/ca\\\/jobs\\\/arquitectea-o-arquitectea-tecnica\\\/#breadcrumb\"},\"inLanguage\":\"ca\",\"potentialAction\":[{\"@type\":\"ReadAction\",\"target\":[\"https:\\\/\\\/www.pretaportercasas.com\\\/ca\\\/jobs\\\/arquitectea-o-arquitectea-tecnica\\\/\"]}]},{\"@type\":\"BreadcrumbList\",\"@id\":\"https:\\\/\\\/www.pretaportercasas.com\\\/ca\\\/jobs\\\/arquitectea-o-arquitectea-tecnica\\\/#breadcrumb\",\"itemListElement\":[{\"@type\":\"ListItem\",\"position\":1,\"name\":\"Portada\",\"item\":\"https:\\\/\\\/www.pretaportercasas.com\\\/ca\\\/\"},{\"@type\":\"ListItem\",\"position\":2,\"name\":\"Ofertas de empleo\",\"item\":\"https:\\\/\\\/www.pretaportercasas.com\\\/jobs\\\/\"},{\"@type\":\"ListItem\",\"position\":3,\"name\":\"Arquitecte\\\/a o Arquitecte\\\/a t\u00e8cnic\\\/a &#8211; Oficina T\u00e8cnica\"}]},{\"@type\":\"WebSite\",\"@id\":\"https:\\\/\\\/www.pretaportercasas.com\\\/ca\\\/#website\",\"url\":\"https:\\\/\\\/www.pretaportercasas.com\\\/ca\\\/\",\"name\":\"Pr\u00eat-\u00e0-porter casas\",\"description\":\"\",\"potentialAction\":[{\"@type\":\"SearchAction\",\"target\":{\"@type\":\"EntryPoint\",\"urlTemplate\":\"https:\\\/\\\/www.pretaportercasas.com\\\/ca\\\/?s={search_term_string}\"},\"query-input\":{\"@type\":\"PropertyValueSpecification\",\"valueRequired\":true,\"valueName\":\"search_term_string\"}}],\"inLanguage\":\"ca\"}]}<\/script>\n<!-- \/ Yoast SEO plugin. -->","yoast_head_json":{"title":"Arquitecte\/a o Arquitecte\/a t\u00e8cnic\/a - Oficina T\u00e8cnica - Pr\u00eat-\u00e0-porter casas","robots":{"index":"index","follow":"follow","max-snippet":"max-snippet:-1","max-image-preview":"max-image-preview:large","max-video-preview":"max-video-preview:-1"},"canonical":"https:\/\/www.pretaportercasas.com\/ca\/jobs\/arquitectea-o-arquitectea-tecnica\/","og_locale":"ca_ES","og_type":"article","og_title":"Arquitecte\/a o Arquitecte\/a t\u00e8cnic\/a - Oficina T\u00e8cnica - Pr\u00eat-\u00e0-porter casas","og_description":"[vc_row type=&#8221;full_width_background&#8221; full_screen_row_position=&#8221;middle&#8221; column_margin=&#8221;default&#8221; equal_height=&#8221;yes&#8221; content_placement=&#8221;middle&#8221; column_direction=&#8221;default&#8221; column_direction_tablet=&#8221;default&#8221; column_direction_phone=&#8221;default&#8221; bg_color=&#8221;#1d1d1d&#8221; scene_position=&#8221;center&#8221; text_color=&#8221;dark&#8221; text_align=&#8221;left&#8221; row_border_radius=&#8221;none&#8221; row_border_radius_applies=&#8221;bg&#8221; zindex=&#8221;100&#8243; sticky_row=&#8221;true&#8221; sticky_row_alignment=&#8221;top&#8221; overflow=&#8221;visible&#8221; class=&#8221;header-landing b2b jobs&#8221; overlay_strength=&#8221;0.3&#8243; gradient_direction=&#8221;left_to_right&#8221; shape_divider_position=&#8221;bottom&#8221; bg_image_animation=&#8221;none&#8221; gradient_type=&#8221;default&#8221; shape_type=&#8221;&#8221;][vc_column column_padding=&#8221;no-extra-padding&#8221; column_padding_tablet=&#8221;inherit&#8221;...","og_url":"https:\/\/www.pretaportercasas.com\/ca\/jobs\/arquitectea-o-arquitectea-tecnica\/","og_site_name":"Pr\u00eat-\u00e0-porter casas","article_modified_time":"2026-03-16T10:02:30+00:00","twitter_card":"summary_large_image","twitter_misc":{"Temps estimat de lectura":"4 minuts"},"schema":{"@context":"https:\/\/schema.org","@graph":[{"@type":"WebPage","@id":"https:\/\/www.pretaportercasas.com\/ca\/jobs\/arquitectea-o-arquitectea-tecnica\/","url":"https:\/\/www.pretaportercasas.com\/ca\/jobs\/arquitectea-o-arquitectea-tecnica\/","name":"Arquitecte\/a o Arquitecte\/a t\u00e8cnic\/a - Oficina T\u00e8cnica - Pr\u00eat-\u00e0-porter casas","isPartOf":{"@id":"https:\/\/www.pretaportercasas.com\/ca\/#website"},"datePublished":"2025-05-09T08:08:15+00:00","dateModified":"2026-03-16T10:02:30+00:00","breadcrumb":{"@id":"https:\/\/www.pretaportercasas.com\/ca\/jobs\/arquitectea-o-arquitectea-tecnica\/#breadcrumb"},"inLanguage":"ca","potentialAction":[{"@type":"ReadAction","target":["https:\/\/www.pretaportercasas.com\/ca\/jobs\/arquitectea-o-arquitectea-tecnica\/"]}]},{"@type":"BreadcrumbList","@id":"https:\/\/www.pretaportercasas.com\/ca\/jobs\/arquitectea-o-arquitectea-tecnica\/#breadcrumb","itemListElement":[{"@type":"ListItem","position":1,"name":"Portada","item":"https:\/\/www.pretaportercasas.com\/ca\/"},{"@type":"ListItem","position":2,"name":"Ofertas de empleo","item":"https:\/\/www.pretaportercasas.com\/jobs\/"},{"@type":"ListItem","position":3,"name":"Arquitecte\/a o Arquitecte\/a t\u00e8cnic\/a &#8211; Oficina T\u00e8cnica"}]},{"@type":"WebSite","@id":"https:\/\/www.pretaportercasas.com\/ca\/#website","url":"https:\/\/www.pretaportercasas.com\/ca\/","name":"Pr\u00eat-\u00e0-porter casas","description":"","potentialAction":[{"@type":"SearchAction","target":{"@type":"EntryPoint","urlTemplate":"https:\/\/www.pretaportercasas.com\/ca\/?s={search_term_string}"},"query-input":{"@type":"PropertyValueSpecification","valueRequired":true,"valueName":"search_term_string"}}],"inLanguage":"ca"}]}},"_links":{"self":[{"href":"https:\/\/www.pretaportercasas.com\/ca\/wp-json\/wp\/v2\/awsm_job_openings\/16011","targetHints":{"allow":["GET"]}}],"collection":[{"href":"https:\/\/www.pretaportercasas.com\/ca\/wp-json\/wp\/v2\/awsm_job_openings"}],"about":[{"href":"https:\/\/www.pretaportercasas.com\/ca\/wp-json\/wp\/v2\/types\/awsm_job_openings"}],"author":[{"embeddable":true,"href":"https:\/\/www.pretaportercasas.com\/ca\/wp-json\/wp\/v2\/users\/2"}],"wp:attachment":[{"href":"https:\/\/www.pretaportercasas.com\/ca\/wp-json\/wp\/v2\/media?parent=16011"}],"curies":[{"name":"wp","href":"https:\/\/api.w.org\/{rel}","templated":true}]}}