{"id":23780,"date":"2026-03-12T10:49:17","date_gmt":"2026-03-12T09:49:17","guid":{"rendered":"https:\/\/www.pretaportercasas.com\/jobs\/tecnico-a-administrativo-a-arquitectura-barcelona\/"},"modified":"2026-04-28T16:36:30","modified_gmt":"2026-04-28T14:36:30","slug":"tecnico-a-administrativo-a-arquitectura-barcelona","status":"publish","type":"awsm_job_openings","link":"https:\/\/www.pretaportercasas.com\/ca\/jobs\/tecnic-a-administratiu-va-arquitectura-barcelona\/","title":{"rendered":"T\u00e8cnic\/a Administratiu\/va d&#8217;Obra (Barcelona)"},"content":{"rendered":"[vc_row type=&#8221;full_width_background&#8221; full_screen_row_position=&#8221;middle&#8221; column_margin=&#8221;default&#8221; equal_height=&#8221;yes&#8221; content_placement=&#8221;middle&#8221; column_direction=&#8221;default&#8221; column_direction_tablet=&#8221;default&#8221; column_direction_phone=&#8221;default&#8221; bg_color=&#8221;#1d1d1d&#8221; scene_position=&#8221;center&#8221; text_color=&#8221;dark&#8221; text_align=&#8221;left&#8221; row_border_radius=&#8221;none&#8221; row_border_radius_applies=&#8221;bg&#8221; zindex=&#8221;100&#8243; sticky_row=&#8221;true&#8221; sticky_row_alignment=&#8221;top&#8221; overflow=&#8221;visible&#8221; class=&#8221;header-landing b2b jobs&#8221; overlay_strength=&#8221;0.3&#8243; gradient_direction=&#8221;left_to_right&#8221; shape_divider_position=&#8221;bottom&#8221; bg_image_animation=&#8221;none&#8221; gradient_type=&#8221;default&#8221; shape_type=&#8221;&#8221;][vc_column column_padding=&#8221;no-extra-padding&#8221; column_padding_tablet=&#8221;inherit&#8221; column_padding_phone=&#8221;inherit&#8221; column_padding_position=&#8221;all&#8221; column_element_direction_desktop=&#8221;default&#8221; column_element_spacing=&#8221;default&#8221; desktop_text_alignment=&#8221;default&#8221; tablet_text_alignment=&#8221;default&#8221; phone_text_alignment=&#8221;default&#8221; background_color_opacity=&#8221;1&#8243; background_hover_color_opacity=&#8221;1&#8243; column_backdrop_filter=&#8221;none&#8221; column_shadow=&#8221;none&#8221; column_border_radius=&#8221;none&#8221; column_link_target=&#8221;_self&#8221; column_position=&#8221;default&#8221; el_class=&#8221;landing-logo&#8221; gradient_direction=&#8221;left_to_right&#8221; overlay_strength=&#8221;0.3&#8243; width=&#8221;1\/4&#8243; tablet_width_inherit=&#8221;default&#8221; animation_type=&#8221;default&#8221; bg_image_animation=&#8221;none&#8221; border_type=&#8221;simple&#8221; column_border_width=&#8221;none&#8221; column_border_style=&#8221;solid&#8221; column_padding_type=&#8221;default&#8221; gradient_type=&#8221;default&#8221;][image_with_animation image_url=&#8221;7052&#8243; image_size=&#8221;full&#8221; animation_type=&#8221;entrance&#8221; animation=&#8221;None&#8221; animation_movement_type=&#8221;transform_y&#8221; hover_animation=&#8221;none&#8221; alignment=&#8221;&#8221; border_radius=&#8221;none&#8221; box_shadow=&#8221;none&#8221; image_loading=&#8221;default&#8221; max_width=&#8221;100%&#8221; max_width_mobile=&#8221;default&#8221; el_class=&#8221;heading-logo&#8221; img_link=&#8221;https:\/\/www.pretaportercasas.com\/&#8221;][\/vc_column][vc_column column_element_direction_desktop=&#8221;default&#8221; column_element_spacing=&#8221;default&#8221; desktop_text_alignment=&#8221;default&#8221; tablet_text_alignment=&#8221;default&#8221; phone_text_alignment=&#8221;default&#8221; background_color_opacity=&#8221;1&#8243; background_hover_color_opacity=&#8221;1&#8243; column_backdrop_filter=&#8221;none&#8221; column_shadow=&#8221;none&#8221; column_border_radius=&#8221;none&#8221; column_link_target=&#8221;_self&#8221; column_position=&#8221;default&#8221; gradient_direction=&#8221;left_to_right&#8221; overlay_strength=&#8221;0.3&#8243; width=&#8221;1\/2&#8243; tablet_width_inherit=&#8221;default&#8221; animation_type=&#8221;default&#8221; bg_image_animation=&#8221;none&#8221; border_type=&#8221;simple&#8221; column_border_width=&#8221;none&#8221; column_border_style=&#8221;solid&#8221; column_padding_type=&#8221;advanced&#8221; gradient_type=&#8221;default&#8221; offset=&#8221;vc_hidden-sm vc_hidden-xs&#8221;][vc_column_text el_class=&#8221;ff-clash-display fs-25 lh-30 white&#8221;]\n<p style=\"text-align: center;\">Destru\u00efm mites. Constru\u00efm cases.<\/p>\n[\/vc_column_text][\/vc_column][vc_column column_element_direction_desktop=&#8221;default&#8221; column_element_spacing=&#8221;default&#8221; desktop_text_alignment=&#8221;right&#8221; tablet_text_alignment=&#8221;default&#8221; phone_text_alignment=&#8221;default&#8221; background_color_opacity=&#8221;1&#8243; background_hover_color_opacity=&#8221;1&#8243; column_backdrop_filter=&#8221;none&#8221; column_shadow=&#8221;none&#8221; column_border_radius=&#8221;none&#8221; column_link_target=&#8221;_self&#8221; column_position=&#8221;default&#8221; el_class=&#8221;landing-buttons&#8221; gradient_direction=&#8221;left_to_right&#8221; overlay_strength=&#8221;0.3&#8243; width=&#8221;1\/4&#8243; tablet_width_inherit=&#8221;default&#8221; animation_type=&#8221;default&#8221; bg_image_animation=&#8221;none&#8221; border_type=&#8221;simple&#8221; column_border_width=&#8221;none&#8221; column_border_style=&#8221;solid&#8221; column_padding_type=&#8221;advanced&#8221; gradient_type=&#8221;default&#8221;][vc_raw_html el_class=&#8221;lang-selector&#8221;]JTVCb25kZXVldl9nZXRfbWVudV9sYW5nJTVE[\/vc_raw_html][nectar_icon icon_family=&#8221;fontawesome&#8221; icon_style=&#8221;default&#8221; icon_color_type=&#8221;color_scheme&#8221; icon_color=&#8221;white&#8221; open_new_tab=&#8221;true&#8221; icon_padding=&#8221;20px&#8221; pointer_events=&#8221;all&#8221; top_position_desktop=&#8221;-3&#8243; icon_fontawesome=&#8221;fa fa-linkedin&#8221; icon_size=&#8221;20&#8243; url=&#8221;https:\/\/www.linkedin.com\/company\/grup-pmp&#8221;][nectar_icon icon_family=&#8221;fontawesome&#8221; icon_style=&#8221;default&#8221; icon_color_type=&#8221;color_scheme&#8221; icon_color=&#8221;white&#8221; open_new_tab=&#8221;true&#8221; icon_padding=&#8221;20px&#8221; pointer_events=&#8221;all&#8221; top_position_desktop=&#8221;-3&#8243; icon_fontawesome=&#8221;fa fa-instagram&#8221; icon_size=&#8221;20&#8243; url=&#8221;https:\/\/www.instagram.com\/pmppretaportercases\/&#8221; margin_left=&#8221;-10&#8243;][nectar_icon icon_family=&#8221;fontawesome&#8221; icon_style=&#8221;default&#8221; icon_color_type=&#8221;color_scheme&#8221; icon_color=&#8221;white&#8221; icon_padding=&#8221;20px&#8221; pointer_events=&#8221;all&#8221; top_position_desktop=&#8221;-3&#8243; icon_fontawesome=&#8221;fa fa-chevron-left&#8221; icon_size=&#8221;20&#8243; url=&#8221;https:\/\/www.pretaportercasas.com\/ca\/job-openings\/&#8221; margin_left=&#8221;-10&#8243;][\/vc_column][\/vc_row][vc_row type=&#8221;in_container&#8221; full_screen_row_position=&#8221;middle&#8221; column_margin=&#8221;default&#8221; column_direction=&#8221;default&#8221; column_direction_tablet=&#8221;default&#8221; column_direction_phone=&#8221;default&#8221; scene_position=&#8221;center&#8221; text_color=&#8221;dark&#8221; text_align=&#8221;left&#8221; row_border_radius=&#8221;none&#8221; row_border_radius_applies=&#8221;bg&#8221; overflow=&#8221;visible&#8221; overlay_strength=&#8221;0.3&#8243; gradient_direction=&#8221;left_to_right&#8221; shape_divider_position=&#8221;bottom&#8221; bg_image_animation=&#8221;none&#8221;][vc_column column_padding=&#8221;no-extra-padding&#8221; column_padding_tablet=&#8221;inherit&#8221; column_padding_phone=&#8221;inherit&#8221; column_padding_position=&#8221;all&#8221; column_element_direction_desktop=&#8221;default&#8221; column_element_spacing=&#8221;default&#8221; desktop_text_alignment=&#8221;default&#8221; tablet_text_alignment=&#8221;default&#8221; phone_text_alignment=&#8221;default&#8221; background_color_opacity=&#8221;1&#8243; background_hover_color_opacity=&#8221;1&#8243; column_backdrop_filter=&#8221;none&#8221; column_shadow=&#8221;none&#8221; column_border_radius=&#8221;none&#8221; column_link_target=&#8221;_self&#8221; column_position=&#8221;default&#8221; gradient_direction=&#8221;left_to_right&#8221; overlay_strength=&#8221;0.3&#8243; width=&#8221;1\/1&#8243; tablet_width_inherit=&#8221;default&#8221; animation_type=&#8221;default&#8221; bg_image_animation=&#8221;none&#8221; border_type=&#8221;simple&#8221; column_border_width=&#8221;none&#8221; column_border_style=&#8221;solid&#8221;][vc_column_text]\n<p class=\"font-claude-response-body break-words whitespace-normal leading-[1.7]\"><strong>BUSQUEM UN\/A T\u00c8CNIC\/A ADMINISTRATIU\/VA D&#8217;OBRA<br \/>\nQUE VULGUI FER HIST\u00d2RIA.<\/strong><\/p>\n<p class=\"font-claude-response-body break-words whitespace-normal leading-[1.7]\">A Grup PMP tenim una visi\u00f3 transformadora del sector de la construcci\u00f3. Dissenyem sistemes que milloren la manera de construir i constru\u00efm per millorar la manera d&#8217;habitar. I aix\u00f2 nom\u00e9s \u00e9s possible amb gent creativa, amb talent i amb ganes de fer les coses diferent.<\/p>\n<p class=\"font-claude-response-body break-words whitespace-normal leading-[1.7]\">Estem buscant un\/a T\u00e8cnic\/a d&#8217;Oficina per incorporar-se al nostre Departament d&#8217;Obres. Ser\u00e0s la persona responsable de gestionar i coordinar totes les tasques administratives i documentals necess\u00e0ries durant l&#8217;execuci\u00f3 de les nostres obres industrialitzades basades en el sistema KHANVIAN\u00ae.<\/p>\n<p class=\"font-claude-response-body break-words whitespace-normal leading-[1.7]\"><strong>Amb:<\/strong><\/p>\n<ul>\n<li class=\"whitespace-normal break-words pl-2\">Formaci\u00f3 en Cicle Formatiu, Arquitectura T\u00e8cnica o estudis similars orientats a la construcci\u00f3.<\/li>\n<li class=\"whitespace-normal break-words pl-2\">M\u00ednim 2 anys d&#8217;experi\u00e8ncia en el sector de la construcci\u00f3.<\/li>\n<li class=\"whitespace-normal break-words pl-2\">Compet\u00e8ncies: persona organitzada, resolutiva, responsable i amb bones habilitats de comunicaci\u00f3.<\/li>\n<li class=\"whitespace-normal break-words pl-2\">Capacitat per treballar en equip i contribuir a un bon ambient laboral.<\/li>\n<\/ul>\n<p data-start=\"334\" data-end=\"619\"><strong data-start=\"334\" data-end=\"353\">Qu\u00e8 et demanem?<\/strong><\/p>\n<ul>\n<li class=\"whitespace-normal break-words pl-2\">Gestionar\u00e0s tr\u00e0mits amb ajuntaments i organismes p\u00fablics.<\/li>\n<li class=\"whitespace-normal break-words pl-2\">T&#8217;encarregar\u00e0s de la recopilaci\u00f3, control i seguiment de la documentaci\u00f3 d&#8217;obra durant tot el proc\u00e9s constructiu.<\/li>\n<li class=\"whitespace-normal break-words pl-2\">Gestionar\u00e0s sol\u00b7licituds de provisionals d&#8217;obra, ocupacions de via p\u00fablica i talls de carrer.<\/li>\n<li class=\"whitespace-normal break-words pl-2\">Elaborar\u00e0s pressupostos.<\/li>\n<li class=\"whitespace-normal break-words pl-2\">Donar\u00e0s suport en tasques de control de qualitat i altres gestions pr\u00f2pies del departament.<\/li>\n<li class=\"whitespace-normal break-words pl-2\">Col\u00b7laborar\u00e0s de forma transversal amb obra, oficina t\u00e8cnica i altres departaments.<\/li>\n<\/ul>\n<p data-start=\"621\" data-end=\"951\"><strong>Es valorar\u00e0:<\/strong><\/p>\n<ul>\n<li data-start=\"621\" data-end=\"951\">Experi\u00e8ncia en tasques administratives.<\/li>\n<li data-start=\"621\" data-end=\"951\">Experi\u00e8ncia pr\u00e8via en una posici\u00f3 similar.<\/li>\n<li data-start=\"621\" data-end=\"951\">Coneixements d&#8217;Allplan i AutoCAD.<\/li>\n<\/ul>\n<p><strong>Qu\u00e8 t&#8217;oferim?<\/strong><\/p>\n<ul>\n<li class=\"whitespace-normal break-words pl-2\">Contracte indefinit, amb desenvolupament professional i formaci\u00f3 cont\u00ednua.<\/li>\n<li class=\"whitespace-normal break-words pl-2\">Incorporaci\u00f3 a una empresa referent en construcci\u00f3 industrialitzada.<\/li>\n<li class=\"whitespace-normal break-words pl-2\">Lloc presencial a Barcelona, a jornada completa.<\/li>\n<li class=\"whitespace-normal break-words pl-2\">Retribuci\u00f3 competitiva, d&#8217;acord amb l&#8217;experi\u00e8ncia i les responsabilitats.<\/li>\n<\/ul>\n<p><strong>I encara m\u00e9s&#8230;.<\/strong><\/p>\n<p>Formar\u00e0s part d\u2019una companyia referent en construcci\u00f3 industrialitzada i en expansi\u00f3, amb seu a Lleida i oficines a Barcelona, Girona i Madrid. Amb un equip jove, apassionat i altament especialitzat. Amb bon ambient de treball, una cultura col\u00b7laborativa i propera i amb oportunitats reals de creixement dins l\u2019organitzaci\u00f3.<\/p>\n<p><strong>T\u2019hi veus?<\/strong><\/p>\n<p>Si t\u2019imagines treballant en un lloc on les preguntes s\u00f3n tan importants com les respostes i on cada projecte \u00e9s una oportunitat de cr\u00e9ixer, volem con\u00e8ixer-te.<\/p>\n<p><strong>Envia\u2019ns el teu CV i suma\u2019t al repte!\u00a0<\/strong><\/p>\n<p><a href=\"http:\/\/pretaportercasas.com\/ca\/job-openings\" target=\"_blank\" rel=\"noopener\">Descobreix m\u00e9s oportunitats.\u00a0<\/a>[\/vc_column_text][\/vc_column][\/vc_row]\n","protected":false},"excerpt":{"rendered":"<p>[vc_row type=&#8221;full_width_background&#8221; full_screen_row_position=&#8221;middle&#8221; column_margin=&#8221;default&#8221; equal_height=&#8221;yes&#8221; content_placement=&#8221;middle&#8221; column_direction=&#8221;default&#8221; column_direction_tablet=&#8221;default&#8221; column_direction_phone=&#8221;default&#8221; bg_color=&#8221;#1d1d1d&#8221; scene_position=&#8221;center&#8221; text_color=&#8221;dark&#8221; text_align=&#8221;left&#8221; row_border_radius=&#8221;none&#8221; row_border_radius_applies=&#8221;bg&#8221; zindex=&#8221;100&#8243; sticky_row=&#8221;true&#8221; sticky_row_alignment=&#8221;top&#8221; overflow=&#8221;visible&#8221; class=&#8221;header-landing b2b jobs&#8221; overlay_strength=&#8221;0.3&#8243; gradient_direction=&#8221;left_to_right&#8221; shape_divider_position=&#8221;bottom&#8221; bg_image_animation=&#8221;none&#8221; gradient_type=&#8221;default&#8221; shape_type=&#8221;&#8221;][vc_column column_padding=&#8221;no-extra-padding&#8221; column_padding_tablet=&#8221;inherit&#8221;&#8230;<\/p>\n","protected":false},"author":2,"template":"template-no-header.php","meta":{"_acf_changed":false},"class_list":{"0":"post-23780","1":"awsm_job_openings","2":"type-awsm_job_openings","3":"status-publish","5":"job-type-jornada-completa-ca","6":"job-location-barcelona-ca"},"acf":[],"yoast_head":"<!-- This site is optimized with the Yoast SEO plugin v27.3 - https:\/\/yoast.com\/product\/yoast-seo-wordpress\/ -->\n<title>T\u00e8cnic\/a Administratiu\/va d&#039;Obra (Barcelona) - Pr\u00eat-\u00e0-porter casas<\/title>\n<meta name=\"robots\" content=\"index, follow, max-snippet:-1, max-image-preview:large, max-video-preview:-1\" \/>\n<link rel=\"canonical\" href=\"https:\/\/www.pretaportercasas.com\/ca\/jobs\/tecnic-a-administratiu-va-arquitectura-barcelona\/\" \/>\n<meta property=\"og:locale\" content=\"ca_ES\" \/>\n<meta property=\"og:type\" content=\"article\" \/>\n<meta property=\"og:title\" content=\"T\u00e8cnic\/a Administratiu\/va d&#039;Obra (Barcelona) - Pr\u00eat-\u00e0-porter casas\" \/>\n<meta property=\"og:description\" content=\"[vc_row type=&#8221;full_width_background&#8221; full_screen_row_position=&#8221;middle&#8221; column_margin=&#8221;default&#8221; equal_height=&#8221;yes&#8221; content_placement=&#8221;middle&#8221; column_direction=&#8221;default&#8221; column_direction_tablet=&#8221;default&#8221; column_direction_phone=&#8221;default&#8221; bg_color=&#8221;#1d1d1d&#8221; scene_position=&#8221;center&#8221; text_color=&#8221;dark&#8221; text_align=&#8221;left&#8221; row_border_radius=&#8221;none&#8221; row_border_radius_applies=&#8221;bg&#8221; zindex=&#8221;100&#8243; sticky_row=&#8221;true&#8221; sticky_row_alignment=&#8221;top&#8221; overflow=&#8221;visible&#8221; class=&#8221;header-landing b2b jobs&#8221; overlay_strength=&#8221;0.3&#8243; gradient_direction=&#8221;left_to_right&#8221; shape_divider_position=&#8221;bottom&#8221; bg_image_animation=&#8221;none&#8221; gradient_type=&#8221;default&#8221; shape_type=&#8221;&#8221;][vc_column column_padding=&#8221;no-extra-padding&#8221; column_padding_tablet=&#8221;inherit&#8221;...\" \/>\n<meta property=\"og:url\" content=\"https:\/\/www.pretaportercasas.com\/ca\/jobs\/tecnic-a-administratiu-va-arquitectura-barcelona\/\" \/>\n<meta property=\"og:site_name\" content=\"Pr\u00eat-\u00e0-porter casas\" \/>\n<meta property=\"article:modified_time\" content=\"2026-04-28T14:36:30+00:00\" \/>\n<meta name=\"twitter:card\" content=\"summary_large_image\" \/>\n<meta name=\"twitter:label1\" content=\"Temps estimat de lectura\" \/>\n\t<meta name=\"twitter:data1\" content=\"3 minuts\" \/>\n<script type=\"application\/ld+json\" class=\"yoast-schema-graph\">{\"@context\":\"https:\\\/\\\/schema.org\",\"@graph\":[{\"@type\":\"WebPage\",\"@id\":\"https:\\\/\\\/www.pretaportercasas.com\\\/ca\\\/jobs\\\/tecnic-a-administratiu-va-arquitectura-barcelona\\\/\",\"url\":\"https:\\\/\\\/www.pretaportercasas.com\\\/ca\\\/jobs\\\/tecnic-a-administratiu-va-arquitectura-barcelona\\\/\",\"name\":\"T\u00e8cnic\\\/a Administratiu\\\/va d'Obra (Barcelona) - Pr\u00eat-\u00e0-porter casas\",\"isPartOf\":{\"@id\":\"https:\\\/\\\/www.pretaportercasas.com\\\/ca\\\/#website\"},\"datePublished\":\"2026-03-12T09:49:17+00:00\",\"dateModified\":\"2026-04-28T14:36:30+00:00\",\"breadcrumb\":{\"@id\":\"https:\\\/\\\/www.pretaportercasas.com\\\/ca\\\/jobs\\\/tecnic-a-administratiu-va-arquitectura-barcelona\\\/#breadcrumb\"},\"inLanguage\":\"ca\",\"potentialAction\":[{\"@type\":\"ReadAction\",\"target\":[\"https:\\\/\\\/www.pretaportercasas.com\\\/ca\\\/jobs\\\/tecnic-a-administratiu-va-arquitectura-barcelona\\\/\"]}]},{\"@type\":\"BreadcrumbList\",\"@id\":\"https:\\\/\\\/www.pretaportercasas.com\\\/ca\\\/jobs\\\/tecnic-a-administratiu-va-arquitectura-barcelona\\\/#breadcrumb\",\"itemListElement\":[{\"@type\":\"ListItem\",\"position\":1,\"name\":\"Portada\",\"item\":\"https:\\\/\\\/www.pretaportercasas.com\\\/ca\\\/\"},{\"@type\":\"ListItem\",\"position\":2,\"name\":\"Ofertas de empleo\",\"item\":\"https:\\\/\\\/www.pretaportercasas.com\\\/jobs\\\/\"},{\"@type\":\"ListItem\",\"position\":3,\"name\":\"T\u00e8cnic\\\/a Administratiu\\\/va d&#8217;Obra (Barcelona)\"}]},{\"@type\":\"WebSite\",\"@id\":\"https:\\\/\\\/www.pretaportercasas.com\\\/ca\\\/#website\",\"url\":\"https:\\\/\\\/www.pretaportercasas.com\\\/ca\\\/\",\"name\":\"Pr\u00eat-\u00e0-porter casas\",\"description\":\"\",\"potentialAction\":[{\"@type\":\"SearchAction\",\"target\":{\"@type\":\"EntryPoint\",\"urlTemplate\":\"https:\\\/\\\/www.pretaportercasas.com\\\/ca\\\/?s={search_term_string}\"},\"query-input\":{\"@type\":\"PropertyValueSpecification\",\"valueRequired\":true,\"valueName\":\"search_term_string\"}}],\"inLanguage\":\"ca\"}]}<\/script>\n<!-- \/ Yoast SEO plugin. -->","yoast_head_json":{"title":"T\u00e8cnic\/a Administratiu\/va d'Obra (Barcelona) - Pr\u00eat-\u00e0-porter casas","robots":{"index":"index","follow":"follow","max-snippet":"max-snippet:-1","max-image-preview":"max-image-preview:large","max-video-preview":"max-video-preview:-1"},"canonical":"https:\/\/www.pretaportercasas.com\/ca\/jobs\/tecnic-a-administratiu-va-arquitectura-barcelona\/","og_locale":"ca_ES","og_type":"article","og_title":"T\u00e8cnic\/a Administratiu\/va d'Obra (Barcelona) - Pr\u00eat-\u00e0-porter casas","og_description":"[vc_row type=&#8221;full_width_background&#8221; full_screen_row_position=&#8221;middle&#8221; column_margin=&#8221;default&#8221; equal_height=&#8221;yes&#8221; content_placement=&#8221;middle&#8221; column_direction=&#8221;default&#8221; column_direction_tablet=&#8221;default&#8221; column_direction_phone=&#8221;default&#8221; bg_color=&#8221;#1d1d1d&#8221; scene_position=&#8221;center&#8221; text_color=&#8221;dark&#8221; text_align=&#8221;left&#8221; row_border_radius=&#8221;none&#8221; row_border_radius_applies=&#8221;bg&#8221; zindex=&#8221;100&#8243; sticky_row=&#8221;true&#8221; sticky_row_alignment=&#8221;top&#8221; overflow=&#8221;visible&#8221; class=&#8221;header-landing b2b jobs&#8221; overlay_strength=&#8221;0.3&#8243; gradient_direction=&#8221;left_to_right&#8221; shape_divider_position=&#8221;bottom&#8221; bg_image_animation=&#8221;none&#8221; gradient_type=&#8221;default&#8221; shape_type=&#8221;&#8221;][vc_column column_padding=&#8221;no-extra-padding&#8221; column_padding_tablet=&#8221;inherit&#8221;...","og_url":"https:\/\/www.pretaportercasas.com\/ca\/jobs\/tecnic-a-administratiu-va-arquitectura-barcelona\/","og_site_name":"Pr\u00eat-\u00e0-porter casas","article_modified_time":"2026-04-28T14:36:30+00:00","twitter_card":"summary_large_image","twitter_misc":{"Temps estimat de lectura":"3 minuts"},"schema":{"@context":"https:\/\/schema.org","@graph":[{"@type":"WebPage","@id":"https:\/\/www.pretaportercasas.com\/ca\/jobs\/tecnic-a-administratiu-va-arquitectura-barcelona\/","url":"https:\/\/www.pretaportercasas.com\/ca\/jobs\/tecnic-a-administratiu-va-arquitectura-barcelona\/","name":"T\u00e8cnic\/a Administratiu\/va d'Obra (Barcelona) - Pr\u00eat-\u00e0-porter casas","isPartOf":{"@id":"https:\/\/www.pretaportercasas.com\/ca\/#website"},"datePublished":"2026-03-12T09:49:17+00:00","dateModified":"2026-04-28T14:36:30+00:00","breadcrumb":{"@id":"https:\/\/www.pretaportercasas.com\/ca\/jobs\/tecnic-a-administratiu-va-arquitectura-barcelona\/#breadcrumb"},"inLanguage":"ca","potentialAction":[{"@type":"ReadAction","target":["https:\/\/www.pretaportercasas.com\/ca\/jobs\/tecnic-a-administratiu-va-arquitectura-barcelona\/"]}]},{"@type":"BreadcrumbList","@id":"https:\/\/www.pretaportercasas.com\/ca\/jobs\/tecnic-a-administratiu-va-arquitectura-barcelona\/#breadcrumb","itemListElement":[{"@type":"ListItem","position":1,"name":"Portada","item":"https:\/\/www.pretaportercasas.com\/ca\/"},{"@type":"ListItem","position":2,"name":"Ofertas de empleo","item":"https:\/\/www.pretaportercasas.com\/jobs\/"},{"@type":"ListItem","position":3,"name":"T\u00e8cnic\/a Administratiu\/va d&#8217;Obra (Barcelona)"}]},{"@type":"WebSite","@id":"https:\/\/www.pretaportercasas.com\/ca\/#website","url":"https:\/\/www.pretaportercasas.com\/ca\/","name":"Pr\u00eat-\u00e0-porter casas","description":"","potentialAction":[{"@type":"SearchAction","target":{"@type":"EntryPoint","urlTemplate":"https:\/\/www.pretaportercasas.com\/ca\/?s={search_term_string}"},"query-input":{"@type":"PropertyValueSpecification","valueRequired":true,"valueName":"search_term_string"}}],"inLanguage":"ca"}]}},"_links":{"self":[{"href":"https:\/\/www.pretaportercasas.com\/ca\/wp-json\/wp\/v2\/awsm_job_openings\/23780","targetHints":{"allow":["GET"]}}],"collection":[{"href":"https:\/\/www.pretaportercasas.com\/ca\/wp-json\/wp\/v2\/awsm_job_openings"}],"about":[{"href":"https:\/\/www.pretaportercasas.com\/ca\/wp-json\/wp\/v2\/types\/awsm_job_openings"}],"author":[{"embeddable":true,"href":"https:\/\/www.pretaportercasas.com\/ca\/wp-json\/wp\/v2\/users\/2"}],"wp:attachment":[{"href":"https:\/\/www.pretaportercasas.com\/ca\/wp-json\/wp\/v2\/media?parent=23780"}],"curies":[{"name":"wp","href":"https:\/\/api.w.org\/{rel}","templated":true}]}}