{"id":23795,"date":"2026-03-12T12:39:31","date_gmt":"2026-03-12T11:39:31","guid":{"rendered":"https:\/\/www.pretaportercasas.com\/jobs\/montador-casas-prefabricadas\/"},"modified":"2026-03-16T10:09:09","modified_gmt":"2026-03-16T09:09:09","slug":"montador-casas-prefabricadas","status":"publish","type":"awsm_job_openings","link":"https:\/\/www.pretaportercasas.com\/ca\/jobs\/montador-cases-prefabricades\/","title":{"rendered":"Montador de Cases Prefabricades"},"content":{"rendered":"[vc_row type=&#8221;full_width_background&#8221; full_screen_row_position=&#8221;middle&#8221; column_margin=&#8221;default&#8221; equal_height=&#8221;yes&#8221; content_placement=&#8221;middle&#8221; column_direction=&#8221;default&#8221; column_direction_tablet=&#8221;default&#8221; column_direction_phone=&#8221;default&#8221; bg_color=&#8221;#1d1d1d&#8221; scene_position=&#8221;center&#8221; text_color=&#8221;dark&#8221; text_align=&#8221;left&#8221; row_border_radius=&#8221;none&#8221; row_border_radius_applies=&#8221;bg&#8221; zindex=&#8221;100&#8243; sticky_row=&#8221;true&#8221; sticky_row_alignment=&#8221;top&#8221; overflow=&#8221;visible&#8221; class=&#8221;header-landing b2b jobs&#8221; overlay_strength=&#8221;0.3&#8243; gradient_direction=&#8221;left_to_right&#8221; shape_divider_position=&#8221;bottom&#8221; bg_image_animation=&#8221;none&#8221; gradient_type=&#8221;default&#8221; shape_type=&#8221;&#8221;][vc_column column_padding=&#8221;no-extra-padding&#8221; column_padding_tablet=&#8221;inherit&#8221; column_padding_phone=&#8221;inherit&#8221; column_padding_position=&#8221;all&#8221; column_element_direction_desktop=&#8221;default&#8221; column_element_spacing=&#8221;default&#8221; desktop_text_alignment=&#8221;default&#8221; tablet_text_alignment=&#8221;default&#8221; phone_text_alignment=&#8221;default&#8221; background_color_opacity=&#8221;1&#8243; background_hover_color_opacity=&#8221;1&#8243; column_backdrop_filter=&#8221;none&#8221; column_shadow=&#8221;none&#8221; column_border_radius=&#8221;none&#8221; column_link_target=&#8221;_self&#8221; column_position=&#8221;default&#8221; el_class=&#8221;landing-logo&#8221; gradient_direction=&#8221;left_to_right&#8221; overlay_strength=&#8221;0.3&#8243; width=&#8221;1\/4&#8243; tablet_width_inherit=&#8221;default&#8221; animation_type=&#8221;default&#8221; bg_image_animation=&#8221;none&#8221; border_type=&#8221;simple&#8221; column_border_width=&#8221;none&#8221; column_border_style=&#8221;solid&#8221; column_padding_type=&#8221;default&#8221; gradient_type=&#8221;default&#8221;][image_with_animation image_url=&#8221;7052&#8243; image_size=&#8221;full&#8221; animation_type=&#8221;entrance&#8221; animation=&#8221;None&#8221; animation_movement_type=&#8221;transform_y&#8221; hover_animation=&#8221;none&#8221; alignment=&#8221;&#8221; border_radius=&#8221;none&#8221; box_shadow=&#8221;none&#8221; image_loading=&#8221;default&#8221; max_width=&#8221;100%&#8221; max_width_mobile=&#8221;default&#8221; el_class=&#8221;heading-logo&#8221; img_link=&#8221;https:\/\/www.pretaportercasas.com\/ca\/&#8221;][\/vc_column][vc_column column_element_direction_desktop=&#8221;default&#8221; column_element_spacing=&#8221;default&#8221; desktop_text_alignment=&#8221;default&#8221; tablet_text_alignment=&#8221;default&#8221; phone_text_alignment=&#8221;default&#8221; background_color_opacity=&#8221;1&#8243; background_hover_color_opacity=&#8221;1&#8243; column_backdrop_filter=&#8221;none&#8221; column_shadow=&#8221;none&#8221; column_border_radius=&#8221;none&#8221; column_link_target=&#8221;_self&#8221; column_position=&#8221;default&#8221; gradient_direction=&#8221;left_to_right&#8221; overlay_strength=&#8221;0.3&#8243; width=&#8221;1\/2&#8243; tablet_width_inherit=&#8221;default&#8221; animation_type=&#8221;default&#8221; bg_image_animation=&#8221;none&#8221; border_type=&#8221;simple&#8221; column_border_width=&#8221;none&#8221; column_border_style=&#8221;solid&#8221; column_padding_type=&#8221;advanced&#8221; gradient_type=&#8221;default&#8221; offset=&#8221;vc_hidden-sm vc_hidden-xs&#8221;][vc_column_text el_class=&#8221;ff-clash-display fs-25 lh-30 white&#8221;]\n<p style=\"text-align: center;\">Destru\u00efm mites. Constru\u00efm cases.<\/p>\n[\/vc_column_text][\/vc_column][vc_column column_element_direction_desktop=&#8221;default&#8221; column_element_spacing=&#8221;default&#8221; desktop_text_alignment=&#8221;right&#8221; tablet_text_alignment=&#8221;default&#8221; phone_text_alignment=&#8221;default&#8221; background_color_opacity=&#8221;1&#8243; background_hover_color_opacity=&#8221;1&#8243; column_backdrop_filter=&#8221;none&#8221; column_shadow=&#8221;none&#8221; column_border_radius=&#8221;none&#8221; column_link_target=&#8221;_self&#8221; column_position=&#8221;default&#8221; el_class=&#8221;landing-buttons&#8221; gradient_direction=&#8221;left_to_right&#8221; overlay_strength=&#8221;0.3&#8243; width=&#8221;1\/4&#8243; tablet_width_inherit=&#8221;default&#8221; animation_type=&#8221;default&#8221; bg_image_animation=&#8221;none&#8221; border_type=&#8221;simple&#8221; column_border_width=&#8221;none&#8221; column_border_style=&#8221;solid&#8221; column_padding_type=&#8221;advanced&#8221; gradient_type=&#8221;default&#8221;][vc_raw_html el_class=&#8221;lang-selector&#8221;]JTVCb25kZXVldl9nZXRfbWVudV9sYW5nJTVE[\/vc_raw_html][nectar_icon icon_family=&#8221;fontawesome&#8221; icon_style=&#8221;default&#8221; icon_color_type=&#8221;color_scheme&#8221; icon_color=&#8221;white&#8221; open_new_tab=&#8221;true&#8221; icon_padding=&#8221;20px&#8221; pointer_events=&#8221;all&#8221; top_position_desktop=&#8221;-3&#8243; icon_fontawesome=&#8221;fa fa-linkedin&#8221; icon_size=&#8221;20&#8243; url=&#8221;https:\/\/www.linkedin.com\/company\/grup-pmp&#8221;][nectar_icon icon_family=&#8221;fontawesome&#8221; icon_style=&#8221;default&#8221; icon_color_type=&#8221;color_scheme&#8221; icon_color=&#8221;white&#8221; open_new_tab=&#8221;true&#8221; icon_padding=&#8221;20px&#8221; pointer_events=&#8221;all&#8221; top_position_desktop=&#8221;-3&#8243; icon_fontawesome=&#8221;fa fa-instagram&#8221; icon_size=&#8221;20&#8243; url=&#8221;https:\/\/www.instagram.com\/pmppretaportercases\/&#8221; margin_left=&#8221;-10&#8243;][nectar_icon icon_family=&#8221;fontawesome&#8221; icon_style=&#8221;default&#8221; icon_color_type=&#8221;color_scheme&#8221; icon_color=&#8221;white&#8221; icon_padding=&#8221;20px&#8221; pointer_events=&#8221;all&#8221; top_position_desktop=&#8221;-3&#8243; icon_fontawesome=&#8221;fa fa-chevron-left&#8221; icon_size=&#8221;20&#8243; url=&#8221;https:\/\/www.pretaportercasas.com\/ca\/job-openings\/&#8221; margin_left=&#8221;-10&#8243;][\/vc_column][\/vc_row][vc_row type=&#8221;in_container&#8221; full_screen_row_position=&#8221;middle&#8221; column_margin=&#8221;default&#8221; column_direction=&#8221;default&#8221; column_direction_tablet=&#8221;default&#8221; column_direction_phone=&#8221;default&#8221; scene_position=&#8221;center&#8221; text_color=&#8221;dark&#8221; text_align=&#8221;left&#8221; row_border_radius=&#8221;none&#8221; row_border_radius_applies=&#8221;bg&#8221; overflow=&#8221;visible&#8221; overlay_strength=&#8221;0.3&#8243; gradient_direction=&#8221;left_to_right&#8221; shape_divider_position=&#8221;bottom&#8221; bg_image_animation=&#8221;none&#8221;][vc_column column_padding=&#8221;no-extra-padding&#8221; column_padding_tablet=&#8221;inherit&#8221; column_padding_phone=&#8221;inherit&#8221; column_padding_position=&#8221;all&#8221; column_element_direction_desktop=&#8221;default&#8221; column_element_spacing=&#8221;default&#8221; desktop_text_alignment=&#8221;default&#8221; tablet_text_alignment=&#8221;default&#8221; phone_text_alignment=&#8221;default&#8221; background_color_opacity=&#8221;1&#8243; background_hover_color_opacity=&#8221;1&#8243; column_backdrop_filter=&#8221;none&#8221; column_shadow=&#8221;none&#8221; column_border_radius=&#8221;none&#8221; column_link_target=&#8221;_self&#8221; column_position=&#8221;default&#8221; gradient_direction=&#8221;left_to_right&#8221; overlay_strength=&#8221;0.3&#8243; width=&#8221;1\/1&#8243; tablet_width_inherit=&#8221;default&#8221; animation_type=&#8221;default&#8221; bg_image_animation=&#8221;none&#8221; border_type=&#8221;simple&#8221; column_border_width=&#8221;none&#8221; column_border_style=&#8221;solid&#8221;][vc_column_text]\n<div>\n<div class=\"standard-markdown grid-cols-1 grid [&amp;_&gt;_*]:min-w-0 gap-3\">\n<p class=\"font-claude-response-body break-words whitespace-normal leading-[1.7]\"><span style=\"color: #000000;\"><strong>BUSQUEM MUNTADOR\/A DE CASES PREFABRICADES<br \/>\nQUE VULGUI FER HIST\u00d2RIA.<\/strong><\/span><\/p>\n<\/div>\n<\/div>\n<div data-test-render-count=\"1\">\n<div class=\"group\">\n<div class=\"contents\">\n<div class=\"group relative relative pb-3\" data-is-streaming=\"false\">\n<div class=\"font-claude-response relative leading-[1.65rem] [&amp;_pre&gt;div]:bg-bg-000\/50 [&amp;_pre&gt;div]:border-0.5 [&amp;_pre&gt;div]:border-border-400 [&amp;_.ignore-pre-bg&gt;div]:bg-transparent [&amp;_.standard-markdown_:is(p,blockquote,h1,h2,h3,h4,h5,h6)]:pl-2 [&amp;_.standard-markdown_:is(p,blockquote,ul,ol,h1,h2,h3,h4,h5,h6)]:pr-8 [&amp;_.progressive-markdown_:is(p,blockquote,h1,h2,h3,h4,h5,h6)]:pl-2 [&amp;_.progressive-markdown_:is(p,blockquote,ul,ol,h1,h2,h3,h4,h5,h6)]:pr-8\">\n<div>\n<div class=\"grid grid-rows-[auto_auto] min-w-0\">\n<div class=\"row-start-2 col-start-1 relative grid isolate min-w-0\">\n<div class=\"row-start-1 col-start-1 relative z-[2] min-w-0\">\n<div>\n<div class=\"standard-markdown grid-cols-1 grid [&amp;_&gt;_*]:min-w-0 gap-3 standard-markdown\">\n<p class=\"font-claude-response-body break-words whitespace-normal leading-[1.7]\"><span style=\"color: #000000;\">A Grup PMP tenim una visi\u00f3 transformadora del sector de la construcci\u00f3. Dissenyem sistemes que milloren la manera de construir i constru\u00efm per millorar la manera d&#8217;habitar. I aix\u00f2 nom\u00e9s \u00e9s possible amb gent creativa, amb talent i amb ganes de fer les coses diferent.<\/span><\/p>\n<\/div>\n<\/div>\n<\/div>\n<\/div>\n<\/div>\n<\/div>\n<\/div>\n<\/div>\n<\/div>\n<\/div>\n<\/div>\n<p><span style=\"color: #000000;\">Necessitem un\/a <strong>Muntador\/a<\/strong> amb experi\u00e8ncia en estructures prefabricades per incorporar-se al nostre equip d&#8217;obra. S&#8217;encarregar\u00e0 del muntatge dels nostres edificis industrialitzats amb el sistema propi <strong>KHANVIAN\u00ae<\/strong> i, despr\u00e9s d&#8217;un per\u00edode d&#8217;adaptaci\u00f3, liderar\u00e0 un petit equip gestionant materials, organitzant tasques i garantint la qualitat i l&#8217;efici\u00e8ncia de cada execuci\u00f3. Busquem una persona met\u00f2dica, responsable i amb disponibilitat per despla\u00e7ar-se de dilluns a divendres, a qui li agradi el treball en equip, amb capacitat per gestionar incid\u00e8ncies i aportar idees per millorar el sistema, i amb ganes d&#8217;aprendre per incorporar-se a un lloc de treball on podr\u00e0 desenvolupar-se professionalment dins d&#8217;una empresa en constant creixement.<\/span><\/p>\n<p class=\"font-claude-response-body break-words whitespace-normal leading-[1.7]\"><span style=\"color: #000000;\"><strong>Amb:<\/strong><\/span><\/p>\n<ul class=\"[li_&amp;]:mb-0 [li_&amp;]:mt-1 [li_&amp;]:gap-1 [&amp;:not(:last-child)_ul]:pb-1 [&amp;:not(:last-child)_ol]:pb-1 list-disc flex flex-col gap-1 pl-8 mb-3\">\n<li class=\"whitespace-normal break-words pl-2\"><span style=\"color: #000000;\">Experi\u00e8ncia en treballs de muntatge, preferiblement en estructures prefabricades.<\/span><\/li>\n<li class=\"whitespace-normal break-words pl-2\"><span style=\"color: #000000;\">Disponibilitat per despla\u00e7ar-te de dilluns a divendres (\u00e0mbit nacional, principalment Catalunya).<\/span><\/li>\n<li class=\"whitespace-normal break-words pl-2\"><span style=\"color: #000000;\">Capacitat per gestionar i resoldre incid\u00e8ncies.<\/span><\/li>\n<li class=\"whitespace-normal break-words pl-2\"><span style=\"color: #000000;\">Seriositat, responsabilitat i disciplina.<\/span><\/li>\n<li class=\"whitespace-normal break-words pl-2\"><span style=\"color: #000000;\">Perfil met\u00f2dic\/a, organitzat\/da i orientat\/da al detall.<\/span><\/li>\n<li class=\"whitespace-normal break-words pl-2\"><span style=\"color: #000000;\">Proactivitat, autonomia i ganes de cr\u00e9ixer professionalment.<\/span><\/li>\n<li class=\"whitespace-normal break-words pl-2\"><span style=\"color: #000000;\">Capacitat de treball en equip i aportaci\u00f3 d&#8217;idees per millorar el sistema.<\/span><\/li>\n<\/ul>\n<p><span style=\"color: #000000;\">No busquem un\/a simple muntador\/a, busquem alg\u00fa que vulgui formar part d&#8217;una revoluci\u00f3 industrialitzada que va molt m\u00e9s enll\u00e0 de maons i bastides: Una persona amb ganes de fer equip i compartir idees. Amb ull cr\u00edtic per veure el detall i la big picture al mateix temps. Creativa, proactiva i amb ganes de cr\u00e9ixer en un entorn on la innovaci\u00f3 \u00e9s la nostra principal eina de construcci\u00f3.<\/span><\/p>\n<p><span style=\"color: #000000;\">Si t&#8217;apassiona executar projectes reals amb un sistema que est\u00e0 canviant el sector, aqu\u00ed tens casa teva.<\/span><\/p>\n<p class=\"font-claude-response-body break-words whitespace-normal leading-[1.7]\"><span style=\"color: #000000;\"><strong>Qu\u00e8 et demanem?<\/strong><\/span><\/p>\n<ul class=\"[li_&amp;]:mb-0 [li_&amp;]:mt-1 [li_&amp;]:gap-1 [&amp;:not(:last-child)_ul]:pb-1 [&amp;:not(:last-child)_ol]:pb-1 list-disc flex flex-col gap-1 pl-8 mb-3\">\n<li class=\"whitespace-normal break-words pl-2\"><span style=\"color: #000000;\">En una primera fase, participar\u00e0s en els muntatges d&#8217;estructura a les nostres obres residencials, aprenent el nostre sistema propi industrialitzat KHANVIAN\u00ae. Despr\u00e9s d&#8217;un per\u00edode d&#8217;adaptaci\u00f3, el teu rol evolucionar\u00e0 per liderar un equip de 2-3 persones, gestionar materials, organitzar tasques i assegurar que cada muntatge s&#8217;executi amb qualitat i efici\u00e8ncia.<\/span><\/li>\n<\/ul>\n<p class=\"font-claude-response-body break-words whitespace-normal leading-[1.7]\"><span style=\"color: #000000;\"><strong>Es valorar\u00e0:<\/strong><\/span><\/p>\n<ul class=\"[li_&amp;]:mb-0 [li_&amp;]:mt-1 [li_&amp;]:gap-1 [&amp;:not(:last-child)_ul]:pb-1 [&amp;:not(:last-child)_ol]:pb-1 list-disc flex flex-col gap-1 pl-8 mb-3\">\n<li class=\"whitespace-normal break-words pl-2\"><span style=\"color: #000000;\">Carnet de conduir B.<\/span><\/li>\n<li class=\"whitespace-normal break-words pl-2\"><span style=\"color: #000000;\">Formaci\u00f3 Professional de Grau Superior o certificats de professionalitat.<\/span><\/li>\n<li class=\"whitespace-normal break-words pl-2\"><span style=\"color: #000000;\">Experi\u00e8ncia en gesti\u00f3 de comandes i personal.<\/span><\/li>\n<li class=\"whitespace-normal break-words pl-2\"><span style=\"color: #000000;\">Coneixements d&#8217;ofim\u00e0tica a nivell d&#8217;usuari.<\/span><\/li>\n<li class=\"whitespace-normal break-words pl-2\"><span style=\"color: #000000;\">Interpretaci\u00f3 de pl\u00e0nols.<\/span><\/li>\n<li class=\"whitespace-normal break-words pl-2\"><span style=\"color: #000000;\">Formaci\u00f3 en PRL (60 h).<\/span><\/li>\n<\/ul>\n<p class=\"font-claude-response-body break-words whitespace-normal leading-[1.7]\"><span style=\"color: #000000;\"><strong>Qu\u00e8 t&#8217;oferim?<\/strong><\/span><\/p>\n<ul class=\"[li_&amp;]:mb-0 [li_&amp;]:mt-1 [li_&amp;]:gap-1 [&amp;:not(:last-child)_ul]:pb-1 [&amp;:not(:last-child)_ol]:pb-1 list-disc flex flex-col gap-1 pl-8 mb-3\">\n<li class=\"whitespace-normal break-words pl-2\"><span style=\"color: #000000;\">Contracte indefinit, amb possibilitats reals de desenvolupament professional i formaci\u00f3 interna.<\/span><\/li>\n<li class=\"whitespace-normal break-words pl-2\"><span style=\"color: #000000;\">Incorporaci\u00f3 immediata a una empresa l\u00edder en construcci\u00f3 industrialitzada.<\/span><\/li>\n<li class=\"whitespace-normal break-words pl-2\"><span style=\"color: #000000;\">Horari de dilluns a divendres de 8:00 a 17:00 h.<\/span><\/li>\n<li class=\"whitespace-normal break-words pl-2\"><span style=\"color: #000000;\">Participaci\u00f3 directa en el muntatge d&#8217;obres en diferents ubicacions del territori nacional, principalment a Catalunya.<\/span><\/li>\n<\/ul>\n<p class=\"font-claude-response-body break-words whitespace-normal leading-[1.7]\"><span style=\"color: #000000;\"><strong>I encara m\u00e9s&#8230;<\/strong><\/span><\/p>\n<p><span style=\"color: #000000;\">Formar\u00e0s part d\u2019una companyia referent en construcci\u00f3 industrialitzada i en expansi\u00f3, amb seu a Lleida i oficines a Barcelona, Girona i Madrid. Amb un equip jove, apassionat i altament especialitzat. Amb bon ambient de treball, una cultura col\u00b7laborativa i propera i amb oportunitats reals de creixement dins l\u2019organitzaci\u00f3.\u00a0<\/span><\/p>\n<p class=\"font-claude-response-body break-words whitespace-normal leading-[1.7]\"><span style=\"color: #000000;\"><strong>T&#8217;uneixes a aquest canvi?<\/strong><\/span><\/p>\n<p class=\"font-claude-response-body break-words whitespace-normal leading-[1.7]\"><span style=\"color: #000000;\">Envia&#8217;ns el teu CV i suma&#8217;t al repte.<\/span><br \/>\n<span style=\"color: #000000;\"><a style=\"color: #000000;\" href=\"https:\/\/www.pretaportercasas.com\/ca\/job-openings\/\" target=\"_blank\" rel=\"noopener\">Descobreix altres oportunitats<\/a>.<\/span><\/p>\n[\/vc_column_text][\/vc_column][\/vc_row]\n","protected":false},"excerpt":{"rendered":"<p>[vc_row type=&#8221;full_width_background&#8221; full_screen_row_position=&#8221;middle&#8221; column_margin=&#8221;default&#8221; equal_height=&#8221;yes&#8221; content_placement=&#8221;middle&#8221; column_direction=&#8221;default&#8221; column_direction_tablet=&#8221;default&#8221; column_direction_phone=&#8221;default&#8221; bg_color=&#8221;#1d1d1d&#8221; scene_position=&#8221;center&#8221; text_color=&#8221;dark&#8221; text_align=&#8221;left&#8221; row_border_radius=&#8221;none&#8221; row_border_radius_applies=&#8221;bg&#8221; zindex=&#8221;100&#8243; sticky_row=&#8221;true&#8221; sticky_row_alignment=&#8221;top&#8221; overflow=&#8221;visible&#8221; class=&#8221;header-landing b2b jobs&#8221; overlay_strength=&#8221;0.3&#8243; gradient_direction=&#8221;left_to_right&#8221; shape_divider_position=&#8221;bottom&#8221; bg_image_animation=&#8221;none&#8221; gradient_type=&#8221;default&#8221; shape_type=&#8221;&#8221;][vc_column column_padding=&#8221;no-extra-padding&#8221; column_padding_tablet=&#8221;inherit&#8221;&#8230;<\/p>\n","protected":false},"author":2,"template":"template-no-header.php","meta":{"_acf_changed":false},"class_list":{"0":"post-23795","1":"awsm_job_openings","2":"type-awsm_job_openings","3":"status-publish","5":"job-type-jornada-completa-ca","6":"job-location-catalunya"},"acf":[],"yoast_head":"<!-- This site is optimized with the Yoast SEO plugin v27.3 - https:\/\/yoast.com\/product\/yoast-seo-wordpress\/ -->\n<title>Montador de Cases Prefabricades - Pr\u00eat-\u00e0-porter casas<\/title>\n<meta name=\"robots\" content=\"index, follow, max-snippet:-1, max-image-preview:large, max-video-preview:-1\" \/>\n<link rel=\"canonical\" href=\"https:\/\/www.pretaportercasas.com\/ca\/jobs\/montador-cases-prefabricades\/\" \/>\n<meta property=\"og:locale\" content=\"ca_ES\" \/>\n<meta property=\"og:type\" content=\"article\" \/>\n<meta property=\"og:title\" content=\"Montador de Cases Prefabricades - Pr\u00eat-\u00e0-porter casas\" \/>\n<meta property=\"og:description\" content=\"[vc_row type=&#8221;full_width_background&#8221; full_screen_row_position=&#8221;middle&#8221; column_margin=&#8221;default&#8221; equal_height=&#8221;yes&#8221; content_placement=&#8221;middle&#8221; column_direction=&#8221;default&#8221; column_direction_tablet=&#8221;default&#8221; column_direction_phone=&#8221;default&#8221; bg_color=&#8221;#1d1d1d&#8221; scene_position=&#8221;center&#8221; text_color=&#8221;dark&#8221; text_align=&#8221;left&#8221; row_border_radius=&#8221;none&#8221; row_border_radius_applies=&#8221;bg&#8221; zindex=&#8221;100&#8243; sticky_row=&#8221;true&#8221; sticky_row_alignment=&#8221;top&#8221; overflow=&#8221;visible&#8221; class=&#8221;header-landing b2b jobs&#8221; overlay_strength=&#8221;0.3&#8243; gradient_direction=&#8221;left_to_right&#8221; shape_divider_position=&#8221;bottom&#8221; bg_image_animation=&#8221;none&#8221; gradient_type=&#8221;default&#8221; shape_type=&#8221;&#8221;][vc_column column_padding=&#8221;no-extra-padding&#8221; column_padding_tablet=&#8221;inherit&#8221;...\" \/>\n<meta property=\"og:url\" content=\"https:\/\/www.pretaportercasas.com\/ca\/jobs\/montador-cases-prefabricades\/\" \/>\n<meta property=\"og:site_name\" content=\"Pr\u00eat-\u00e0-porter casas\" \/>\n<meta property=\"article:modified_time\" content=\"2026-03-16T09:09:09+00:00\" \/>\n<meta name=\"twitter:card\" content=\"summary_large_image\" \/>\n<meta name=\"twitter:label1\" content=\"Temps estimat de lectura\" \/>\n\t<meta name=\"twitter:data1\" content=\"4 minuts\" \/>\n<script type=\"application\/ld+json\" class=\"yoast-schema-graph\">{\"@context\":\"https:\\\/\\\/schema.org\",\"@graph\":[{\"@type\":\"WebPage\",\"@id\":\"https:\\\/\\\/www.pretaportercasas.com\\\/ca\\\/jobs\\\/montador-cases-prefabricades\\\/\",\"url\":\"https:\\\/\\\/www.pretaportercasas.com\\\/ca\\\/jobs\\\/montador-cases-prefabricades\\\/\",\"name\":\"Montador de Cases Prefabricades - Pr\u00eat-\u00e0-porter casas\",\"isPartOf\":{\"@id\":\"https:\\\/\\\/www.pretaportercasas.com\\\/ca\\\/#website\"},\"datePublished\":\"2026-03-12T11:39:31+00:00\",\"dateModified\":\"2026-03-16T09:09:09+00:00\",\"breadcrumb\":{\"@id\":\"https:\\\/\\\/www.pretaportercasas.com\\\/ca\\\/jobs\\\/montador-cases-prefabricades\\\/#breadcrumb\"},\"inLanguage\":\"ca\",\"potentialAction\":[{\"@type\":\"ReadAction\",\"target\":[\"https:\\\/\\\/www.pretaportercasas.com\\\/ca\\\/jobs\\\/montador-cases-prefabricades\\\/\"]}]},{\"@type\":\"BreadcrumbList\",\"@id\":\"https:\\\/\\\/www.pretaportercasas.com\\\/ca\\\/jobs\\\/montador-cases-prefabricades\\\/#breadcrumb\",\"itemListElement\":[{\"@type\":\"ListItem\",\"position\":1,\"name\":\"Portada\",\"item\":\"https:\\\/\\\/www.pretaportercasas.com\\\/ca\\\/\"},{\"@type\":\"ListItem\",\"position\":2,\"name\":\"Ofertas de empleo\",\"item\":\"https:\\\/\\\/www.pretaportercasas.com\\\/jobs\\\/\"},{\"@type\":\"ListItem\",\"position\":3,\"name\":\"Montador de Cases Prefabricades\"}]},{\"@type\":\"WebSite\",\"@id\":\"https:\\\/\\\/www.pretaportercasas.com\\\/ca\\\/#website\",\"url\":\"https:\\\/\\\/www.pretaportercasas.com\\\/ca\\\/\",\"name\":\"Pr\u00eat-\u00e0-porter casas\",\"description\":\"\",\"potentialAction\":[{\"@type\":\"SearchAction\",\"target\":{\"@type\":\"EntryPoint\",\"urlTemplate\":\"https:\\\/\\\/www.pretaportercasas.com\\\/ca\\\/?s={search_term_string}\"},\"query-input\":{\"@type\":\"PropertyValueSpecification\",\"valueRequired\":true,\"valueName\":\"search_term_string\"}}],\"inLanguage\":\"ca\"}]}<\/script>\n<!-- \/ Yoast SEO plugin. -->","yoast_head_json":{"title":"Montador de Cases Prefabricades - Pr\u00eat-\u00e0-porter casas","robots":{"index":"index","follow":"follow","max-snippet":"max-snippet:-1","max-image-preview":"max-image-preview:large","max-video-preview":"max-video-preview:-1"},"canonical":"https:\/\/www.pretaportercasas.com\/ca\/jobs\/montador-cases-prefabricades\/","og_locale":"ca_ES","og_type":"article","og_title":"Montador de Cases Prefabricades - Pr\u00eat-\u00e0-porter casas","og_description":"[vc_row type=&#8221;full_width_background&#8221; full_screen_row_position=&#8221;middle&#8221; column_margin=&#8221;default&#8221; equal_height=&#8221;yes&#8221; content_placement=&#8221;middle&#8221; column_direction=&#8221;default&#8221; column_direction_tablet=&#8221;default&#8221; column_direction_phone=&#8221;default&#8221; bg_color=&#8221;#1d1d1d&#8221; scene_position=&#8221;center&#8221; text_color=&#8221;dark&#8221; text_align=&#8221;left&#8221; row_border_radius=&#8221;none&#8221; row_border_radius_applies=&#8221;bg&#8221; zindex=&#8221;100&#8243; sticky_row=&#8221;true&#8221; sticky_row_alignment=&#8221;top&#8221; overflow=&#8221;visible&#8221; class=&#8221;header-landing b2b jobs&#8221; overlay_strength=&#8221;0.3&#8243; gradient_direction=&#8221;left_to_right&#8221; shape_divider_position=&#8221;bottom&#8221; bg_image_animation=&#8221;none&#8221; gradient_type=&#8221;default&#8221; shape_type=&#8221;&#8221;][vc_column column_padding=&#8221;no-extra-padding&#8221; column_padding_tablet=&#8221;inherit&#8221;...","og_url":"https:\/\/www.pretaportercasas.com\/ca\/jobs\/montador-cases-prefabricades\/","og_site_name":"Pr\u00eat-\u00e0-porter casas","article_modified_time":"2026-03-16T09:09:09+00:00","twitter_card":"summary_large_image","twitter_misc":{"Temps estimat de lectura":"4 minuts"},"schema":{"@context":"https:\/\/schema.org","@graph":[{"@type":"WebPage","@id":"https:\/\/www.pretaportercasas.com\/ca\/jobs\/montador-cases-prefabricades\/","url":"https:\/\/www.pretaportercasas.com\/ca\/jobs\/montador-cases-prefabricades\/","name":"Montador de Cases Prefabricades - Pr\u00eat-\u00e0-porter casas","isPartOf":{"@id":"https:\/\/www.pretaportercasas.com\/ca\/#website"},"datePublished":"2026-03-12T11:39:31+00:00","dateModified":"2026-03-16T09:09:09+00:00","breadcrumb":{"@id":"https:\/\/www.pretaportercasas.com\/ca\/jobs\/montador-cases-prefabricades\/#breadcrumb"},"inLanguage":"ca","potentialAction":[{"@type":"ReadAction","target":["https:\/\/www.pretaportercasas.com\/ca\/jobs\/montador-cases-prefabricades\/"]}]},{"@type":"BreadcrumbList","@id":"https:\/\/www.pretaportercasas.com\/ca\/jobs\/montador-cases-prefabricades\/#breadcrumb","itemListElement":[{"@type":"ListItem","position":1,"name":"Portada","item":"https:\/\/www.pretaportercasas.com\/ca\/"},{"@type":"ListItem","position":2,"name":"Ofertas de empleo","item":"https:\/\/www.pretaportercasas.com\/jobs\/"},{"@type":"ListItem","position":3,"name":"Montador de Cases Prefabricades"}]},{"@type":"WebSite","@id":"https:\/\/www.pretaportercasas.com\/ca\/#website","url":"https:\/\/www.pretaportercasas.com\/ca\/","name":"Pr\u00eat-\u00e0-porter casas","description":"","potentialAction":[{"@type":"SearchAction","target":{"@type":"EntryPoint","urlTemplate":"https:\/\/www.pretaportercasas.com\/ca\/?s={search_term_string}"},"query-input":{"@type":"PropertyValueSpecification","valueRequired":true,"valueName":"search_term_string"}}],"inLanguage":"ca"}]}},"_links":{"self":[{"href":"https:\/\/www.pretaportercasas.com\/ca\/wp-json\/wp\/v2\/awsm_job_openings\/23795","targetHints":{"allow":["GET"]}}],"collection":[{"href":"https:\/\/www.pretaportercasas.com\/ca\/wp-json\/wp\/v2\/awsm_job_openings"}],"about":[{"href":"https:\/\/www.pretaportercasas.com\/ca\/wp-json\/wp\/v2\/types\/awsm_job_openings"}],"author":[{"embeddable":true,"href":"https:\/\/www.pretaportercasas.com\/ca\/wp-json\/wp\/v2\/users\/2"}],"wp:attachment":[{"href":"https:\/\/www.pretaportercasas.com\/ca\/wp-json\/wp\/v2\/media?parent=23795"}],"curies":[{"name":"wp","href":"https:\/\/api.w.org\/{rel}","templated":true}]}}