{"id":3658,"date":"2024-01-02T12:25:59","date_gmt":"2024-01-02T11:25:59","guid":{"rendered":"https:\/\/www.pretaportercasas.com\/politica-privacidad\/"},"modified":"2026-03-13T13:30:27","modified_gmt":"2026-03-13T12:30:27","slug":"politica-privacidad","status":"publish","type":"page","link":"https:\/\/www.pretaportercasas.com\/fr\/politique-confidentialite\/","title":{"rendered":"Politique de confidentialit\u00e9"},"content":{"rendered":"[vc_row type=\u00a0\u00bbin_container\u00a0\u00bb full_screen_row_position=\u00a0\u00bbmiddle\u00a0\u00bb column_margin=\u00a0\u00bbdefault\u00a0\u00bb column_direction=\u00a0\u00bbdefault\u00a0\u00bb column_direction_tablet=\u00a0\u00bbdefault\u00a0\u00bb column_direction_phone=\u00a0\u00bbdefault\u00a0\u00bb scene_position=\u00a0\u00bbcenter\u00a0\u00bb text_color=\u00a0\u00bbdark\u00a0\u00bb text_align=\u00a0\u00bbleft\u00a0\u00bb row_border_radius=\u00a0\u00bbnone\u00a0\u00bb row_border_radius_applies=\u00a0\u00bbbg\u00a0\u00bb overflow=\u00a0\u00bbvisible\u00a0\u00bb overlay_strength=\u00a0\u00bb0.3&Prime; gradient_direction=\u00a0\u00bbleft_to_right\u00a0\u00bb shape_divider_position=\u00a0\u00bbbottom\u00a0\u00bb bg_image_animation=\u00a0\u00bbnone\u00a0\u00bb][vc_column column_padding=\u00a0\u00bbno-extra-padding\u00a0\u00bb column_padding_tablet=\u00a0\u00bbinherit\u00a0\u00bb column_padding_phone=\u00a0\u00bbinherit\u00a0\u00bb column_padding_position=\u00a0\u00bball\u00a0\u00bb column_element_direction_desktop=\u00a0\u00bbdefault\u00a0\u00bb column_element_spacing=\u00a0\u00bbdefault\u00a0\u00bb desktop_text_alignment=\u00a0\u00bbdefault\u00a0\u00bb tablet_text_alignment=\u00a0\u00bbdefault\u00a0\u00bb phone_text_alignment=\u00a0\u00bbdefault\u00a0\u00bb background_color_opacity=\u00a0\u00bb1&Prime; background_hover_color_opacity=\u00a0\u00bb1&Prime; column_backdrop_filter=\u00a0\u00bbnone\u00a0\u00bb column_shadow=\u00a0\u00bbnone\u00a0\u00bb column_border_radius=\u00a0\u00bbnone\u00a0\u00bb column_link_target=\u00a0\u00bb_self\u00a0\u00bb column_position=\u00a0\u00bbdefault\u00a0\u00bb el_class=\u00a0\u00bbff-clash-display\u00a0\u00bb gradient_direction=\u00a0\u00bbleft_to_right\u00a0\u00bb overlay_strength=\u00a0\u00bb0.3&Prime; width=\u00a0\u00bb1\/1&Prime; tablet_width_inherit=\u00a0\u00bbdefault\u00a0\u00bb animation_type=\u00a0\u00bbdefault\u00a0\u00bb bg_image_animation=\u00a0\u00bbnone\u00a0\u00bb border_type=\u00a0\u00bbsimple\u00a0\u00bb column_border_width=\u00a0\u00bbnone\u00a0\u00bb column_border_style=\u00a0\u00bbsolid\u00a0\u00bb column_padding_type=\u00a0\u00bbdefault\u00a0\u00bb gradient_type=\u00a0\u00bbdefault\u00a0\u00bb][vc_column_text]<strong>Nous vous contacterons dans les plus brefs d\u00e9lais.<\/strong><\/p>\n<p>PROJECTES MODULARS PREFABRICATS, S.L.U. informe les utilisateurs du site web sur sa politique en mati\u00e8re de traitement et de protection des donn\u00e9es personnelles des utilisateurs et des clients<\/p>\n<p>L&rsquo;entreprise garantit \u00e0 tout moment le strict respect des obligations pr\u00e9vues par la r\u00e9glementation relative \u00e0 la protection des donn\u00e9es et aux services de la soci\u00e9t\u00e9 de l\u2019information\u00a0: le R\u00e8glement (UE) 2016\/679 du Parlement europ\u00e9en et du Conseil du 27 avril 2016 relatif \u00e0 la protection des personnes physiques \u00e0 l\u2019\u00e9gard du traitement des donn\u00e9es \u00e0 caract\u00e8re personnel et \u00e0 la libre circulation de ces donn\u00e9es (RGPD), la loi organique espagnole\u00a03\/2018 du 5\u00a0d\u00e9cembre sur la protection des donn\u00e9es \u00e0 caract\u00e8re personnel et la garantie des droits num\u00e9riques (LOPDGDD) et la loi\u00a034\/2002 du 11\u00a0juillet sur les services de la soci\u00e9t\u00e9 de l\u2019information et le commerce \u00e9lectronique (LSSICE).<\/p>\n<p><strong>RESPONSABLE DU TRAITEMENT<\/strong><\/p>\n<p>PROJECTES MODULARS PREFABRICATS, S.L.U.<\/p>\n<p>C.I.F.\u00a0: B25759028<\/p>\n<p>Si\u00e8ge social\u00a0: POLIGON IND. NEOPARC CL. IVARS D\u2019URGELL, 20 \u2013 25190 LLEIDA<\/p>\n<p>Soci\u00e9t\u00e9 inscrite aupr\u00e8s du Registre du commerce de L\u00e9rida le 2013.04.26, volume 1345, folio 94, 8e section, feuille L26857, 1\u00e8re inscription.<\/p>\n<p>T\u00e9l\u00e9phone\u00a0: 973603954<\/p>\n<p>Adresse \u00e9lectronique\u00a0: protecciodedades@pmp-pretaporter.com<\/p>\n<p><strong>FINALIT\u00c9 DU TRAITEMENT DES DONN\u00c9ES <\/strong><\/p>\n<p>Les donn\u00e9es fournies par l\u2019utilisateur sont utilis\u00e9es aux fins suivantes :<\/p>\n<table width=\"584\">\n<tbody>\n<tr>\n<td width=\"291\"><strong>Finalit\u00e9 du traitement<\/strong><\/td>\n<td width=\"293\"><strong>Fondement juridique du traitement<\/strong><\/td>\n<\/tr>\n<tr>\n<td width=\"291\">G\u00e9rer les questions pos\u00e9es \u00e0 travers les formulaires web.<\/td>\n<td width=\"293\">Int\u00e9r\u00eat l\u00e9gitime de l\u2019entreprise \u00e0 r\u00e9pondre aux demandes d\u2019information formul\u00e9es sur le site web.<\/p>\n<p>Consentement donn\u00e9 express\u00e9ment au moment de l\u2019obtention des donn\u00e9es \u00e0 travers les formulaires web.<\/td>\n<\/tr>\n<tr>\n<td width=\"291\">Envoi de bulletins d\u2019information, de communications commerciales et de promotions.<\/td>\n<td width=\"293\">Consentement donn\u00e9 express\u00e9ment au moment de l\u2019obtention des donn\u00e9es \u00e0 travers les formulaires web.<\/td>\n<\/tr>\n<tr>\n<td width=\"291\">G\u00e9rer les incidents et assurer la maintenance du site web.<\/td>\n<td width=\"293\">Int\u00e9r\u00eat l\u00e9gitime de l\u2019entreprise.<\/td>\n<\/tr>\n<\/tbody>\n<\/table>\n<p>&nbsp;<\/p>\n<p><strong>DUR\u00c9E DE CONSERVATION DES DONN\u00c9ES<\/strong><\/p>\n<table width=\"584\">\n<tbody>\n<tr>\n<td width=\"291\"><strong>Finalit\u00e9 du traitement <\/strong><\/td>\n<td width=\"293\"><strong>Dur\u00e9e de conservation<\/strong><\/td>\n<\/tr>\n<tr>\n<td width=\"291\">G\u00e9rer les questions pos\u00e9es \u00e0 travers les formulaires web.<\/td>\n<td width=\"293\">Nous traiterons vos donn\u00e9es aussi longtemps que n\u00e9cessaire pour r\u00e9pondre \u00e0 votre demande.<\/td>\n<\/tr>\n<tr>\n<td width=\"291\">Envoi de bulletins d\u2019information, de communications commerciales et de promotions.<\/td>\n<td width=\"293\">Nous traiterons vos donn\u00e9es jusqu\u2019\u00e0 ce que vous vous d\u00e9sabonniez.<\/td>\n<\/tr>\n<tr>\n<td width=\"291\">G\u00e9rer les incidents et assurer la maintenance du site web.<\/td>\n<td width=\"293\">Nous traiterons vos donn\u00e9es pendant la dur\u00e9e n\u00e9cessaire pour respecter les d\u00e9lais de prescription l\u00e9gaux applicables.<\/td>\n<\/tr>\n<\/tbody>\n<\/table>\n<p>&nbsp;<\/p>\n<p class=\"font-claude-response-body break-words whitespace-normal leading-[1.7]\"><strong>TRAITEMENT DES DONN\u00c9ES VIA Google reCAPTCHA<\/strong><\/p>\n<p class=\"font-claude-response-body break-words whitespace-normal leading-[1.7]\">Pour prot\u00e9ger ce site web contre les activit\u00e9s frauduleuses, les acc\u00e8s non autoris\u00e9s et l&rsquo;envoi automatis\u00e9 de formulaires, nous utilisons le service Google reCAPTCHA, fourni par Google LLC et Google Ireland Limited.<\/p>\n<p class=\"font-claude-response-body break-words whitespace-normal leading-[1.7]\">Ce service analyse divers indicateurs techniques, tels que l&rsquo;adresse IP, les caract\u00e9ristiques du navigateur et de l&rsquo;appareil, les mouvements de la souris, le temps pass\u00e9 sur la page et les cookies n\u00e9cessaires pour distinguer l&rsquo;activit\u00e9 humaine de l&rsquo;activit\u00e9 automatis\u00e9e.<\/p>\n<p class=\"font-claude-response-body break-words whitespace-normal leading-[1.7]\">Google agit en tant que sous-traitant dans le seul but de fournir le service reCAPTCHA. La base juridique de ce traitement est notre int\u00e9r\u00eat l\u00e9gitime \u00e0 garantir la s\u00e9curit\u00e9 du site et \u00e0 pr\u00e9venir l&rsquo;utilisation abusive de nos formulaires.<\/p>\n<p class=\"font-claude-response-body break-words whitespace-normal leading-[1.7]\">L&rsquo;utilisation de reCAPTCHA peut impliquer des transferts internationaux de donn\u00e9es vers Google LLC (\u00c9tats-Unis). Google fournit des garanties ad\u00e9quates par le biais de clauses contractuelles types approuv\u00e9es par la Commission europ\u00e9enne.<\/p>\n<p class=\"font-claude-response-body break-words whitespace-normal leading-[1.7]\">Les utilisateurs peuvent exercer leurs droits d&rsquo;acc\u00e8s, de rectification, d&rsquo;effacement, de limitation et de portabilit\u00e9 de leurs donn\u00e9es via notre politique de confidentialit\u00e9 g\u00e9n\u00e9rale.<\/p>\n<p class=\"font-claude-response-body break-words whitespace-normal leading-[1.7]\">Pour plus d&rsquo;informations techniques sur le fonctionnement de reCAPTCHA, veuillez consulter la <a href=\"https:\/\/docs.cloud.google.com\/recaptcha\/docs\" target=\"_blank\" rel=\"noopener\">documentation officielle de Google Cloud<\/a>.<\/p>\n<p><strong>DESTINATAIRES DES DONN\u00c9ES<\/strong><\/p>\n<p>Pour permettre les finalit\u00e9s pr\u00e9vues dans la pr\u00e9sente politique de confidentialit\u00e9, nous devons donner acc\u00e8s \u00e0 vos donn\u00e9es \u00e0 caract\u00e8re personnel \u00e0 des tiers qui nous accompagnent pour pr\u00eater les services que nous vous offrons.<\/p>\n<p>Il s\u2019agit de sous-traitants pour l\u2019ex\u00e9cution d\u2019un contrat ou la prestation d\u2019un service aupr\u00e8s du responsable du traitement, en respectant \u00e0 tout moment les instructions de ce dernier, et en garantissant les m\u00eames niveaux de s\u00e9curit\u00e9.<\/p>\n<p>&nbsp;<\/p>\n<p><strong>DROITS DE L\u2019UTILISATEUR<\/strong><\/p>\n<p>L\u2019utilisateur dispose des droits suivants\u00a0:<\/p>\n<ul>\n<li>Demander l\u2019acc\u00e8s \u00e0 ses donn\u00e9es personnelles en cours de traitement et recevoir ces donn\u00e9es par \u00e9crit et sous la forme demand\u00e9e.<\/li>\n<li>Demander la modification des donn\u00e9es personnelles inexactes ou, le cas \u00e9ch\u00e9ant, demander leur suppression lorsque, parmi d\u2019autres raisons, les donn\u00e9es ne sont plus n\u00e9cessaires aux fins pour lesquelles elles ont \u00e9t\u00e9 collect\u00e9es.<\/li>\n<li>Demander la limitation du traitement de ses donn\u00e9es.<\/li>\n<li>Le cas \u00e9ch\u00e9ant, s\u2019opposer au traitement de ses donn\u00e9es personnelles, auquel cas ses donn\u00e9es ne seront plus trait\u00e9es sauf pour des raisons l\u00e9gitimes.<\/li>\n<li>Le droit \u00e0 la portabilit\u00e9 de ses donn\u00e9es personnelles lorsque le traitement est fond\u00e9 sur le consentement et qu\u2019il est effectu\u00e9 par des moyens automatis\u00e9s. Les donn\u00e9es seront fournies dans un format structur\u00e9, couramment utilis\u00e9 et lisible par machine.<\/li>\n<li>Le droit \u00e0 r\u00e9voquer le consentement donn\u00e9.<\/li>\n<li>Le droit de pr\u00e9senter une r\u00e9clamation aupr\u00e8s de l\u2019Agence espagnole de protection des donn\u00e9es.<\/li>\n<\/ul>\n<p>L\u2019utilisateur peut exercer les droits susmentionn\u00e9s en \u00e9crivant \u00e0 l\u2019adresse postale ou \u00e9lectronique du responsable du traitement, en prouvant son identit\u00e9 \u00e0 l\u2019aide d\u2019une copie scann\u00e9e de sa carte d\u2019identit\u00e9 ou d\u2019un document \u00e9quivalent, et en pr\u00e9cisant le droit qu\u2019il souhaite exercer.<\/p>\n<p><strong>PROVENANCE DES DONN\u00c9ES<\/strong><\/p>\n<p>Les donn\u00e9es personnelles sont fournies par l\u2019int\u00e9ress\u00e9 lui-m\u00eame, sur une base totalement volontaire.\u00a0 Le fait de ne pas fournir certaines donn\u00e9es ou de ne pas r\u00e9pondre \u00e0 certaines questions pouvant \u00eatre pos\u00e9es lors des phases d\u2019enregistrement ou dans les diff\u00e9rents formulaires \u00e9lectroniques pr\u00e9sent\u00e9s \u00e0 l\u2019utilisateur peut entra\u00eener l\u2019impossibilit\u00e9 d\u2019acc\u00e9der \u00e0 certains services pour la prestation desquels il est indispensable de disposer de donn\u00e9es personnelles. Dans ce cas, le responsable du traitement informera l\u2019utilisateur du caract\u00e8re obligatoire et\/ou n\u00e9cessaire de la communication des donn\u00e9es personnelles pour une bonne prestation du service.<\/p>\n<p>Le responsable du traitement des donn\u00e9es garantit la confidentialit\u00e9 de ses donn\u00e9es personnelles ainsi que la s\u00e9curit\u00e9 de celles-ci, en adoptant toutes les mesures n\u00e9cessaires pour \u00e9viter leur modification, perte, traitement ou acc\u00e8s non autoris\u00e9.<\/p>\n<p><strong>INFORMATIONS FOURNIES PAR L\u2019UTILISATEUR<\/strong><\/p>\n<p>Les mineurs de moins de 18 ans ne peuvent pas communiquer leurs donn\u00e9es personnelles sans le consentement pr\u00e9alable de leurs parents et\/ou de leurs tuteurs l\u00e9gaux.<\/p>\n<p>En saisissant leurs donn\u00e9es dans les formulaires de contact ou de t\u00e9l\u00e9chargement, les utilisateurs acceptent express\u00e9ment, librement et sans \u00e9quivoque le caract\u00e8re n\u00e9cessaire de leurs donn\u00e9es pour que la partie responsable puisse traiter leur demande, la saisie de donn\u00e9es dans les autres champs \u00e9tant volontaire.<\/p>\n<p>L\u2019utilisateur garantit la v\u00e9racit\u00e9 des donn\u00e9es personnelles fournies et il s\u2019engage \u00e0 en communiquer toute modification en cas de changement.<\/p>\n<p>Toutes les informations demand\u00e9es sur le site web sont n\u00e9cessaires pour la prestation optimale du service aupr\u00e8s de l\u2019utilisateur. S\u2019il manque des donn\u00e9es, il n\u2019y aura aucune garantie que les informations et les services fournis par le responsable du traitement soient enti\u00e8rement adapt\u00e9s \u00e0 ses besoins.<\/p>\n<p><strong>MESURES DE S\u00c9CURIT\u00c9 <\/strong><\/p>\n<p>Conform\u00e9ment aux dispositions de la r\u00e9glementation en vigueur en mati\u00e8re de protection des donn\u00e9es \u00e0 caract\u00e8re personnel, le responsable du traitement respecte toutes les dispositions du RGPD et de la LOPDGDD pour le traitement des donn\u00e9es qui lui sont fournies, et qu\u2019il traite de mani\u00e8re licite, loyale et transparente \u00e0 l\u2019\u00e9gard de la personne concern\u00e9e, de mani\u00e8re ad\u00e9quate, pertinente et limit\u00e9e \u00e0 ce qui est strictement n\u00e9cessaire dans le cadre des finalit\u00e9s pour lesquelles elles sont trait\u00e9es.<\/p>\n<p>Le responsable du traitement garantit qu\u2019il a mis en \u0153uvre les politiques techniques et organisationnelles adapt\u00e9es pour appliquer les mesures de s\u00e9curit\u00e9 \u00e9tablies par le RGPD et la LOPDGDD afin de prot\u00e9ger les droits et les libert\u00e9s des utilisateurs, et qu\u2019il leur a fourni les informations appropri\u00e9es pour qu\u2019ils puissent les exercer.<\/p>\n<p><strong>FAILLES DE S\u00c9CURIT\u00c9 <\/strong><\/p>\n<p>Le responsable du traitement signalera toute faille \u00e9ventuelle de s\u00e9curit\u00e9 pouvant affecter la base de donn\u00e9es utilis\u00e9e par ce site web, ou l\u2019un de ses services tiers, \u00e0 toutes les personnes dont les donn\u00e9es peuvent avoir \u00e9t\u00e9 affect\u00e9es, ainsi qu\u2019aux autorit\u00e9s, dans les 72\u00a0heures \u00e0 partir de la d\u00e9tection de la faille.<\/p>\n<p><strong>DROIT APPLICABLE ET JURIDICTION<\/strong><\/p>\n<p>Le responsable du traitement se r\u00e9serve le droit d\u2019intenter toute action civile ou p\u00e9nale qu\u2019il jugerait n\u00e9cessaire en cas d\u2019utilisation abusive du site web et de son contenu.<\/p>\n<p>La relation entre l\u2019utilisateur et le responsable du traitement est r\u00e9gie par la r\u00e9glementation en vigueur et applicable sur le territoire espagnol. En cas de litige \u00e9manant de l\u2019interpr\u00e9tation et\/ou de l\u2019application des pr\u00e9sentes conditions, les parties soumettront leur diff\u00e9rend \u00e0 la juridiction ordinaire des cours et tribunaux comp\u00e9tents, conform\u00e9ment au droit applicable.[\/vc_column_text][\/vc_column][\/vc_row]\n","protected":false},"excerpt":{"rendered":"<p>[vc_row type=\u00a0\u00bbin_container\u00a0\u00bb full_screen_row_position=\u00a0\u00bbmiddle\u00a0\u00bb column_margin=\u00a0\u00bbdefault\u00a0\u00bb column_direction=\u00a0\u00bbdefault\u00a0\u00bb column_direction_tablet=\u00a0\u00bbdefault\u00a0\u00bb column_direction_phone=\u00a0\u00bbdefault\u00a0\u00bb scene_position=\u00a0\u00bbcenter\u00a0\u00bb text_color=\u00a0\u00bbdark\u00a0\u00bb text_align=\u00a0\u00bbleft\u00a0\u00bb row_border_radius=\u00a0\u00bbnone\u00a0\u00bb row_border_radius_applies=\u00a0\u00bbbg\u00a0\u00bb overflow=\u00a0\u00bbvisible\u00a0\u00bb overlay_strength=\u00a0\u00bb0.3&Prime; gradient_direction=\u00a0\u00bbleft_to_right\u00a0\u00bb shape_divider_position=\u00a0\u00bbbottom\u00a0\u00bb bg_image_animation=\u00a0\u00bbnone\u00a0\u00bb][vc_column column_padding=\u00a0\u00bbno-extra-padding\u00a0\u00bb column_padding_tablet=\u00a0\u00bbinherit\u00a0\u00bb column_padding_phone=\u00a0\u00bbinherit\u00a0\u00bb column_padding_position=\u00a0\u00bball\u00a0\u00bb column_element_direction_desktop=\u00a0\u00bbdefault\u00a0\u00bb column_element_spacing=\u00a0\u00bbdefault\u00a0\u00bb desktop_text_alignment=\u00a0\u00bbdefault\u00a0\u00bb tablet_text_alignment=\u00a0\u00bbdefault\u00a0\u00bb phone_text_alignment=\u00a0\u00bbdefault\u00a0\u00bb background_color_opacity=\u00a0\u00bb1&Prime; background_hover_color_opacity=\u00a0\u00bb1&Prime; column_backdrop_filter=\u00a0\u00bbnone\u00a0\u00bb column_shadow=\u00a0\u00bbnone\u00a0\u00bb&#8230;<\/p>\n","protected":false},"author":1,"featured_media":0,"parent":0,"menu_order":0,"comment_status":"closed","ping_status":"closed","template":"","meta":{"_acf_changed":false,"footnotes":"","_wp_rev_ctl_limit":""},"class_list":["post-3658","page","type-page","status-publish"],"acf":[],"yoast_head":"<!-- This site is optimized with the Yoast SEO plugin v27.3 - https:\/\/yoast.com\/product\/yoast-seo-wordpress\/ -->\n<title>Politique de confidentialit\u00e9 - Pr\u00eat-\u00e0-porter casas<\/title>\n<meta name=\"robots\" content=\"index, follow, max-snippet:-1, max-image-preview:large, max-video-preview:-1\" \/>\n<link rel=\"canonical\" href=\"https:\/\/www.pretaportercasas.com\/fr\/politique-confidentialite\/\" \/>\n<meta property=\"og:locale\" content=\"fr_FR\" \/>\n<meta property=\"og:type\" content=\"article\" \/>\n<meta property=\"og:title\" content=\"Politique de confidentialit\u00e9 - Pr\u00eat-\u00e0-porter casas\" \/>\n<meta property=\"og:description\" content=\"[vc_row type=\u00a0\u00bbin_container\u00a0\u00bb full_screen_row_position=\u00a0\u00bbmiddle\u00a0\u00bb column_margin=\u00a0\u00bbdefault\u00a0\u00bb column_direction=\u00a0\u00bbdefault\u00a0\u00bb column_direction_tablet=\u00a0\u00bbdefault\u00a0\u00bb column_direction_phone=\u00a0\u00bbdefault\u00a0\u00bb scene_position=\u00a0\u00bbcenter\u00a0\u00bb text_color=\u00a0\u00bbdark\u00a0\u00bb text_align=\u00a0\u00bbleft\u00a0\u00bb row_border_radius=\u00a0\u00bbnone\u00a0\u00bb row_border_radius_applies=\u00a0\u00bbbg\u00a0\u00bb overflow=\u00a0\u00bbvisible\u00a0\u00bb overlay_strength=\u00a0\u00bb0.3&Prime; gradient_direction=\u00a0\u00bbleft_to_right\u00a0\u00bb shape_divider_position=\u00a0\u00bbbottom\u00a0\u00bb bg_image_animation=\u00a0\u00bbnone\u00a0\u00bb][vc_column column_padding=\u00a0\u00bbno-extra-padding\u00a0\u00bb column_padding_tablet=\u00a0\u00bbinherit\u00a0\u00bb column_padding_phone=\u00a0\u00bbinherit\u00a0\u00bb column_padding_position=\u00a0\u00bball\u00a0\u00bb column_element_direction_desktop=\u00a0\u00bbdefault\u00a0\u00bb column_element_spacing=\u00a0\u00bbdefault\u00a0\u00bb desktop_text_alignment=\u00a0\u00bbdefault\u00a0\u00bb tablet_text_alignment=\u00a0\u00bbdefault\u00a0\u00bb phone_text_alignment=\u00a0\u00bbdefault\u00a0\u00bb background_color_opacity=\u00a0\u00bb1&Prime; background_hover_color_opacity=\u00a0\u00bb1&Prime; column_backdrop_filter=\u00a0\u00bbnone\u00a0\u00bb column_shadow=\u00a0\u00bbnone\u00a0\u00bb...\" \/>\n<meta property=\"og:url\" content=\"https:\/\/www.pretaportercasas.com\/fr\/politique-confidentialite\/\" \/>\n<meta property=\"og:site_name\" content=\"Pr\u00eat-\u00e0-porter casas\" \/>\n<meta property=\"article:modified_time\" content=\"2026-03-13T12:30:27+00:00\" \/>\n<meta name=\"twitter:card\" content=\"summary_large_image\" \/>\n<meta name=\"twitter:label1\" content=\"Dur\u00e9e de lecture estim\u00e9e\" \/>\n\t<meta name=\"twitter:data1\" content=\"7 minutes\" \/>\n<script type=\"application\/ld+json\" class=\"yoast-schema-graph\">{\"@context\":\"https:\\\/\\\/schema.org\",\"@graph\":[{\"@type\":\"WebPage\",\"@id\":\"https:\\\/\\\/www.pretaportercasas.com\\\/fr\\\/politique-confidentialite\\\/\",\"url\":\"https:\\\/\\\/www.pretaportercasas.com\\\/fr\\\/politique-confidentialite\\\/\",\"name\":\"Politique de confidentialit\u00e9 - Pr\u00eat-\u00e0-porter casas\",\"isPartOf\":{\"@id\":\"https:\\\/\\\/www.pretaportercasas.com\\\/fr\\\/#website\"},\"datePublished\":\"2024-01-02T11:25:59+00:00\",\"dateModified\":\"2026-03-13T12:30:27+00:00\",\"breadcrumb\":{\"@id\":\"https:\\\/\\\/www.pretaportercasas.com\\\/fr\\\/politique-confidentialite\\\/#breadcrumb\"},\"inLanguage\":\"fr-FR\",\"potentialAction\":[{\"@type\":\"ReadAction\",\"target\":[\"https:\\\/\\\/www.pretaportercasas.com\\\/fr\\\/politique-confidentialite\\\/\"]}]},{\"@type\":\"BreadcrumbList\",\"@id\":\"https:\\\/\\\/www.pretaportercasas.com\\\/fr\\\/politique-confidentialite\\\/#breadcrumb\",\"itemListElement\":[{\"@type\":\"ListItem\",\"position\":1,\"name\":\"Portada\",\"item\":\"https:\\\/\\\/www.pretaportercasas.com\\\/fr\\\/\"},{\"@type\":\"ListItem\",\"position\":2,\"name\":\"Politique de confidentialit\u00e9\"}]},{\"@type\":\"WebSite\",\"@id\":\"https:\\\/\\\/www.pretaportercasas.com\\\/fr\\\/#website\",\"url\":\"https:\\\/\\\/www.pretaportercasas.com\\\/fr\\\/\",\"name\":\"Pr\u00eat-\u00e0-porter casas\",\"description\":\"\",\"potentialAction\":[{\"@type\":\"SearchAction\",\"target\":{\"@type\":\"EntryPoint\",\"urlTemplate\":\"https:\\\/\\\/www.pretaportercasas.com\\\/fr\\\/?s={search_term_string}\"},\"query-input\":{\"@type\":\"PropertyValueSpecification\",\"valueRequired\":true,\"valueName\":\"search_term_string\"}}],\"inLanguage\":\"fr-FR\"}]}<\/script>\n<!-- \/ Yoast SEO plugin. -->","yoast_head_json":{"title":"Politique de confidentialit\u00e9 - Pr\u00eat-\u00e0-porter casas","robots":{"index":"index","follow":"follow","max-snippet":"max-snippet:-1","max-image-preview":"max-image-preview:large","max-video-preview":"max-video-preview:-1"},"canonical":"https:\/\/www.pretaportercasas.com\/fr\/politique-confidentialite\/","og_locale":"fr_FR","og_type":"article","og_title":"Politique de confidentialit\u00e9 - Pr\u00eat-\u00e0-porter casas","og_description":"[vc_row type=\u00a0\u00bbin_container\u00a0\u00bb full_screen_row_position=\u00a0\u00bbmiddle\u00a0\u00bb column_margin=\u00a0\u00bbdefault\u00a0\u00bb column_direction=\u00a0\u00bbdefault\u00a0\u00bb column_direction_tablet=\u00a0\u00bbdefault\u00a0\u00bb column_direction_phone=\u00a0\u00bbdefault\u00a0\u00bb scene_position=\u00a0\u00bbcenter\u00a0\u00bb text_color=\u00a0\u00bbdark\u00a0\u00bb text_align=\u00a0\u00bbleft\u00a0\u00bb row_border_radius=\u00a0\u00bbnone\u00a0\u00bb row_border_radius_applies=\u00a0\u00bbbg\u00a0\u00bb overflow=\u00a0\u00bbvisible\u00a0\u00bb overlay_strength=\u00a0\u00bb0.3&Prime; gradient_direction=\u00a0\u00bbleft_to_right\u00a0\u00bb shape_divider_position=\u00a0\u00bbbottom\u00a0\u00bb bg_image_animation=\u00a0\u00bbnone\u00a0\u00bb][vc_column column_padding=\u00a0\u00bbno-extra-padding\u00a0\u00bb column_padding_tablet=\u00a0\u00bbinherit\u00a0\u00bb column_padding_phone=\u00a0\u00bbinherit\u00a0\u00bb column_padding_position=\u00a0\u00bball\u00a0\u00bb column_element_direction_desktop=\u00a0\u00bbdefault\u00a0\u00bb column_element_spacing=\u00a0\u00bbdefault\u00a0\u00bb desktop_text_alignment=\u00a0\u00bbdefault\u00a0\u00bb tablet_text_alignment=\u00a0\u00bbdefault\u00a0\u00bb phone_text_alignment=\u00a0\u00bbdefault\u00a0\u00bb background_color_opacity=\u00a0\u00bb1&Prime; background_hover_color_opacity=\u00a0\u00bb1&Prime; column_backdrop_filter=\u00a0\u00bbnone\u00a0\u00bb column_shadow=\u00a0\u00bbnone\u00a0\u00bb...","og_url":"https:\/\/www.pretaportercasas.com\/fr\/politique-confidentialite\/","og_site_name":"Pr\u00eat-\u00e0-porter casas","article_modified_time":"2026-03-13T12:30:27+00:00","twitter_card":"summary_large_image","twitter_misc":{"Dur\u00e9e de lecture estim\u00e9e":"7 minutes"},"schema":{"@context":"https:\/\/schema.org","@graph":[{"@type":"WebPage","@id":"https:\/\/www.pretaportercasas.com\/fr\/politique-confidentialite\/","url":"https:\/\/www.pretaportercasas.com\/fr\/politique-confidentialite\/","name":"Politique de confidentialit\u00e9 - Pr\u00eat-\u00e0-porter casas","isPartOf":{"@id":"https:\/\/www.pretaportercasas.com\/fr\/#website"},"datePublished":"2024-01-02T11:25:59+00:00","dateModified":"2026-03-13T12:30:27+00:00","breadcrumb":{"@id":"https:\/\/www.pretaportercasas.com\/fr\/politique-confidentialite\/#breadcrumb"},"inLanguage":"fr-FR","potentialAction":[{"@type":"ReadAction","target":["https:\/\/www.pretaportercasas.com\/fr\/politique-confidentialite\/"]}]},{"@type":"BreadcrumbList","@id":"https:\/\/www.pretaportercasas.com\/fr\/politique-confidentialite\/#breadcrumb","itemListElement":[{"@type":"ListItem","position":1,"name":"Portada","item":"https:\/\/www.pretaportercasas.com\/fr\/"},{"@type":"ListItem","position":2,"name":"Politique de confidentialit\u00e9"}]},{"@type":"WebSite","@id":"https:\/\/www.pretaportercasas.com\/fr\/#website","url":"https:\/\/www.pretaportercasas.com\/fr\/","name":"Pr\u00eat-\u00e0-porter casas","description":"","potentialAction":[{"@type":"SearchAction","target":{"@type":"EntryPoint","urlTemplate":"https:\/\/www.pretaportercasas.com\/fr\/?s={search_term_string}"},"query-input":{"@type":"PropertyValueSpecification","valueRequired":true,"valueName":"search_term_string"}}],"inLanguage":"fr-FR"}]}},"_links":{"self":[{"href":"https:\/\/www.pretaportercasas.com\/fr\/wp-json\/wp\/v2\/pages\/3658","targetHints":{"allow":["GET"]}}],"collection":[{"href":"https:\/\/www.pretaportercasas.com\/fr\/wp-json\/wp\/v2\/pages"}],"about":[{"href":"https:\/\/www.pretaportercasas.com\/fr\/wp-json\/wp\/v2\/types\/page"}],"author":[{"embeddable":true,"href":"https:\/\/www.pretaportercasas.com\/fr\/wp-json\/wp\/v2\/users\/1"}],"replies":[{"embeddable":true,"href":"https:\/\/www.pretaportercasas.com\/fr\/wp-json\/wp\/v2\/comments?post=3658"}],"version-history":[{"count":5,"href":"https:\/\/www.pretaportercasas.com\/fr\/wp-json\/wp\/v2\/pages\/3658\/revisions"}],"predecessor-version":[{"id":23822,"href":"https:\/\/www.pretaportercasas.com\/fr\/wp-json\/wp\/v2\/pages\/3658\/revisions\/23822"}],"wp:attachment":[{"href":"https:\/\/www.pretaportercasas.com\/fr\/wp-json\/wp\/v2\/media?parent=3658"}],"curies":[{"name":"wp","href":"https:\/\/api.w.org\/{rel}","templated":true}]}}